{"id":550,"date":"2018-07-31T17:26:05","date_gmt":"2018-07-31T15:26:05","guid":{"rendered":"http:\/\/verel-de-montbel.fr\/?page_id=550"},"modified":"2023-01-26T08:00:42","modified_gmt":"2023-01-26T07:00:42","slug":"social","status":"publish","type":"page","link":"https:\/\/www.verel-de-montbel.fr\/mairie\/social\/","title":{"rendered":"Social"},"content":{"rendered":"<p>[et_pb_section fb_built=\u00a0\u00bb1&Prime; _builder_version=\u00a0\u00bb3.22&Prime; background_position=\u00a0\u00bbtop_center\u00a0\u00bb custom_padding=\u00a0\u00bb0|0px|0|0px|false|false\u00a0\u00bb global_module=\u00a0\u00bb301&Prime;][et_pb_row column_structure=\u00a0\u00bb1_2,1_2&Prime; disabled_on=\u00a0\u00bbon|on|off\u00a0\u00bb _builder_version=\u00a0\u00bb3.25&Prime; background_color=\u00a0\u00bbrgba(255,255,255,0)\u00a0\u00bb width=\u00a0\u00bb100%\u00a0\u00bb max_width=\u00a0\u00bb100%\u00a0\u00bb module_alignment=\u00a0\u00bbcenter\u00a0\u00bb custom_margin=\u00a0\u00bb0px|||\u00a0\u00bb custom_padding=\u00a0\u00bb0px|0px|0px|\u00a0\u00bb use_custom_width=\u00a0\u00bbon\u00a0\u00bb width_unit=\u00a0\u00bboff\u00a0\u00bb custom_width_percent=\u00a0\u00bb100%\u00a0\u00bb][et_pb_column type=\u00a0\u00bb1_2&Prime; _builder_version=\u00a0\u00bb3.25&Prime; custom_padding=\u00a0\u00bb|||\u00a0\u00bb custom_padding__hover=\u00a0\u00bb|||\u00a0\u00bb][et_pb_text _builder_version=\u00a0\u00bb3.27.4&Prime; text_font=\u00a0\u00bb|600||||on|||\u00a0\u00bb text_text_color=\u00a0\u00bb#8aa07e\u00a0\u00bb text_font_size=\u00a0\u00bb18px\u00a0\u00bb header_text_align=\u00a0\u00bbleft\u00a0\u00bb custom_margin=\u00a0\u00bb20px||10px|30px\u00a0\u00bb]<\/p>\n<p>T\u00e9l\u00e9phone Mairie : 04 76 37 28 09<\/p>\n<p>[\/et_pb_text][\/et_pb_column][et_pb_column type=\u00a0\u00bb1_2&Prime; _builder_version=\u00a0\u00bb3.25&Prime; custom_padding=\u00a0\u00bb|||\u00a0\u00bb custom_padding__hover=\u00a0\u00bb|||\u00a0\u00bb][et_pb_search exclude_pages=\u00a0\u00bboff\u00a0\u00bb button_color=\u00a0\u00bb#9eb791&Prime; placeholder_color=\u00a0\u00bb#ffffff\u00a0\u00bb _builder_version=\u00a0\u00bb3.23&Prime; form_field_text_color=\u00a0\u00bb#ffffff\u00a0\u00bb button_font=\u00a0\u00bbUbuntu||||||||\u00a0\u00bb button_text_color=\u00a0\u00bb#ffffff\u00a0\u00bb button_font_size=\u00a0\u00bb12px\u00a0\u00bb button_letter_spacing=\u00a0\u00bb3px\u00a0\u00bb form_field_font=\u00a0\u00bbUbuntu||||||||\u00a0\u00bb form_field_text_align=\u00a0\u00bbright\u00a0\u00bb background_color=\u00a0\u00bbrgba(158,183,145,0.98)\u00a0\u00bb text_orientation=\u00a0\u00bbcenter\u00a0\u00bb max_width=\u00a0\u00bb24%\u00a0\u00bb module_alignment=\u00a0\u00bbright\u00a0\u00bb custom_margin=\u00a0\u00bb20px||10px|\u00a0\u00bb custom_padding=\u00a0\u00bb|||\u00a0\u00bb border_radii=\u00a0\u00bbon|25px|25px|25px|25px\u00a0\u00bb border_width_all=\u00a0\u00bb0px\u00a0\u00bb input_text_color=\u00a0\u00bb#ffffff\u00a0\u00bb input_font=\u00a0\u00bbUbuntu||||||||\u00a0\u00bb input_text_align=\u00a0\u00bbright\u00a0\u00bb button_text_size__hover_enabled=\u00a0\u00bboff\u00a0\u00bb button_text_size__hover=\u00a0\u00bbnull\u00a0\u00bb button_one_text_size__hover_enabled=\u00a0\u00bboff\u00a0\u00bb button_one_text_size__hover=\u00a0\u00bbnull\u00a0\u00bb button_two_text_size__hover_enabled=\u00a0\u00bboff\u00a0\u00bb button_two_text_size__hover=\u00a0\u00bbnull\u00a0\u00bb button_text_color__hover_enabled=\u00a0\u00bboff\u00a0\u00bb button_text_color__hover=\u00a0\u00bbnull\u00a0\u00bb button_one_text_color__hover_enabled=\u00a0\u00bboff\u00a0\u00bb button_one_text_color__hover=\u00a0\u00bbnull\u00a0\u00bb button_two_text_color__hover_enabled=\u00a0\u00bboff\u00a0\u00bb button_two_text_color__hover=\u00a0\u00bbnull\u00a0\u00bb button_border_width__hover_enabled=\u00a0\u00bboff\u00a0\u00bb button_border_width__hover=\u00a0\u00bbnull\u00a0\u00bb button_one_border_width__hover_enabled=\u00a0\u00bboff\u00a0\u00bb button_one_border_width__hover=\u00a0\u00bbnull\u00a0\u00bb button_two_border_width__hover_enabled=\u00a0\u00bboff\u00a0\u00bb button_two_border_width__hover=\u00a0\u00bbnull\u00a0\u00bb button_border_color__hover_enabled=\u00a0\u00bboff\u00a0\u00bb button_border_color__hover=\u00a0\u00bbnull\u00a0\u00bb button_one_border_color__hover_enabled=\u00a0\u00bboff\u00a0\u00bb button_one_border_color__hover=\u00a0\u00bbnull\u00a0\u00bb button_two_border_color__hover_enabled=\u00a0\u00bboff\u00a0\u00bb button_two_border_color__hover=\u00a0\u00bbnull\u00a0\u00bb button_border_radius__hover_enabled=\u00a0\u00bboff\u00a0\u00bb button_border_radius__hover=\u00a0\u00bbnull\u00a0\u00bb button_one_border_radius__hover_enabled=\u00a0\u00bboff\u00a0\u00bb button_one_border_radius__hover=\u00a0\u00bbnull\u00a0\u00bb button_two_border_radius__hover_enabled=\u00a0\u00bboff\u00a0\u00bb button_two_border_radius__hover=\u00a0\u00bbnull\u00a0\u00bb button_letter_spacing__hover_enabled=\u00a0\u00bboff\u00a0\u00bb button_letter_spacing__hover=\u00a0\u00bbnull\u00a0\u00bb button_one_letter_spacing__hover_enabled=\u00a0\u00bboff\u00a0\u00bb button_one_letter_spacing__hover=\u00a0\u00bbnull\u00a0\u00bb button_two_letter_spacing__hover_enabled=\u00a0\u00bboff\u00a0\u00bb button_two_letter_spacing__hover=\u00a0\u00bbnull\u00a0\u00bb button_bg_color__hover_enabled=\u00a0\u00bboff\u00a0\u00bb button_bg_color__hover=\u00a0\u00bbnull\u00a0\u00bb button_one_bg_color__hover_enabled=\u00a0\u00bboff\u00a0\u00bb button_one_bg_color__hover=\u00a0\u00bbnull\u00a0\u00bb button_two_bg_color__hover_enabled=\u00a0\u00bboff\u00a0\u00bb button_two_bg_color__hover=\u00a0\u00bbnull\u00a0\u00bb][\/et_pb_search][\/et_pb_column][\/et_pb_row][\/et_pb_section][et_pb_section fb_built=\u00a0\u00bb1&Prime; fullwidth=\u00a0\u00bbon\u00a0\u00bb admin_label=\u00a0\u00bbImage en-t\u00eate pages\u00a0\u00bb _builder_version=\u00a0\u00bb3.2.2&Prime; global_module=\u00a0\u00bb317&Prime;][et_pb_fullwidth_image src=\u00a0\u00bbhttps:\/\/www.verel-de-montbel.fr\/mairie\/wp-content\/uploads\/2018\/06\/en-tete-pages.jpg\u00a0\u00bb alt=\u00a0\u00bbEn-t\u00eate : Verel-de-Montbel, le village, l&rsquo;\u00e9glise, la mairie\u00a0\u00bb title_text=\u00a0\u00bbVerel-de-Montbel\u00a0\u00bb url=\u00a0\u00bbhttp:\/\/www.verel-de-montbel.fr\u00a0\u00bb disabled_on=\u00a0\u00bbon|on|off\u00a0\u00bb _builder_version=\u00a0\u00bb4.9.0&Prime;][\/et_pb_fullwidth_image][et_pb_fullwidth_image src=\u00a0\u00bbhttps:\/\/www.verel-de-montbel.fr\/mairie\/wp-content\/uploads\/2021\/02\/logo-verel-mobiles.jpg\u00a0\u00bb alt=\u00a0\u00bbBienvenue \u00e0 Verel-de-Montbel en Savoie\u00a0\u00bb title_text=\u00a0\u00bbBienvenue \u00e0 Verel-de-Montbel en Savoie\u00a0\u00bb disabled_on=\u00a0\u00bboff|off|on\u00a0\u00bb _builder_version=\u00a0\u00bb4.9.0&Prime; _module_preset=\u00a0\u00bbdefault\u00a0\u00bb][\/et_pb_fullwidth_image][et_pb_fullwidth_image src=\u00a0\u00bbhttps:\/\/www.verel-de-montbel.fr\/mairie\/wp-content\/uploads\/2021\/02\/entetemobiles.jpg\u00a0\u00bb alt=\u00a0\u00bbVerel-de-Montbel\u00a0\u00bb title_text=\u00a0\u00bbVerel-de-Montbel\u00a0\u00bb disabled_on=\u00a0\u00bboff|off|on\u00a0\u00bb _builder_version=\u00a0\u00bb4.9.0&Prime; _module_preset=\u00a0\u00bbdefault\u00a0\u00bb][\/et_pb_fullwidth_image][\/et_pb_section][et_pb_section fb_built=\u00a0\u00bb1&Prime; fullwidth=\u00a0\u00bbon\u00a0\u00bb module_id=\u00a0\u00bbmenuhaut\u00a0\u00bb _builder_version=\u00a0\u00bb4.9.0&Prime; background_image=\u00a0\u00bbhttps:\/\/www.verel-de-montbel.fr\/mairie\/wp-content\/uploads\/2018\/06\/Fond-menu-Bois1.jpg\u00a0\u00bb background_size=\u00a0\u00bbinitial\u00a0\u00bb background_repeat=\u00a0\u00bbrepeat\u00a0\u00bb global_module=\u00a0\u00bb304&Prime;][et_pb_fullwidth_menu menu_id=\u00a0\u00bb10&Prime; submenu_direction=\u00a0\u00bbdownwards\u00a0\u00bb fullwidth_menu=\u00a0\u00bbon\u00a0\u00bb active_link_color=\u00a0\u00bb#ffffff\u00a0\u00bb dropdown_menu_bg_color=\u00a0\u00bb#21100c\u00a0\u00bb dropdown_menu_line_color=\u00a0\u00bb#9eb791&Prime; dropdown_menu_text_color=\u00a0\u00bb#ffffff\u00a0\u00bb mobile_menu_text_color=\u00a0\u00bb#ffffff\u00a0\u00bb disabled_on=\u00a0\u00bbon|on|\u00a0\u00bb admin_label=\u00a0\u00bbMenu du site\u00a0\u00bb _builder_version=\u00a0\u00bb4.9.0&Prime; menu_font=\u00a0\u00bbPoppins||||||||\u00a0\u00bb menu_text_color=\u00a0\u00bb#ffffff\u00a0\u00bb menu_font_size=\u00a0\u00bb17px\u00a0\u00bb menu_letter_spacing=\u00a0\u00bb1px\u00a0\u00bb menu_line_height=\u00a0\u00bb1.2em\u00a0\u00bb background_color=\u00a0\u00bbrgba(255,255,255,0)\u00a0\u00bb background_image=\u00a0\u00bbhttps:\/\/www.verel-de-montbel.fr\/mairie\/wp-content\/uploads\/2018\/06\/Fond-menu-Bois1.jpg\u00a0\u00bb text_orientation=\u00a0\u00bbcenter\u00a0\u00bb custom_margin=\u00a0\u00bb0px|||\u00a0\u00bb custom_padding=\u00a0\u00bb0px|||\u00a0\u00bb][\/et_pb_fullwidth_menu][\/et_pb_section][et_pb_section fb_built=\u00a0\u00bb1&Prime; fullwidth=\u00a0\u00bbon\u00a0\u00bb _builder_version=\u00a0\u00bb3.22&Prime; custom_padding=\u00a0\u00bb0px|0px|0||false|false\u00a0\u00bb][et_pb_fullwidth_post_title meta=\u00a0\u00bboff\u00a0\u00bb featured_image=\u00a0\u00bboff\u00a0\u00bb admin_label=\u00a0\u00bbTitre de page\u00a0\u00bb _builder_version=\u00a0\u00bb3.2.2&Prime; title_font=\u00a0\u00bb|300|||||||\u00a0\u00bb title_text_align=\u00a0\u00bbright\u00a0\u00bb title_text_color=\u00a0\u00bb#ffffff\u00a0\u00bb title_font_size=\u00a0\u00bb17px\u00a0\u00bb title_letter_spacing=\u00a0\u00bb4px\u00a0\u00bb background_color=\u00a0\u00bb#190a07&Prime; text_orientation=\u00a0\u00bbright\u00a0\u00bb custom_padding=\u00a0\u00bb15px||10px|\u00a0\u00bb][\/et_pb_fullwidth_post_title][\/et_pb_section][et_pb_section fb_built=\u00a0\u00bb1&Prime; _builder_version=\u00a0\u00bb3.22&Prime; custom_padding=\u00a0\u00bb4px|0px|19px|0px|false|false\u00a0\u00bb][et_pb_row column_structure=\u00a0\u00bb1_4,1_2,1_4&Prime; use_custom_gutter=\u00a0\u00bbon\u00a0\u00bb module_class=\u00a0\u00bb et_pb_row_fullwidth\u00a0\u00bb _builder_version=\u00a0\u00bb3.25&Prime; width=\u00a0\u00bb89%\u00a0\u00bb width_tablet=\u00a0\u00bb80%\u00a0\u00bb width_phone=\u00a0\u00bb\u00a0\u00bb width_last_edited=\u00a0\u00bbon|desktop\u00a0\u00bb max_width=\u00a0\u00bb89%\u00a0\u00bb max_width_tablet=\u00a0\u00bb80%\u00a0\u00bb max_width_phone=\u00a0\u00bb\u00a0\u00bb max_width_last_edited=\u00a0\u00bbon|desktop\u00a0\u00bb module_alignment=\u00a0\u00bbcenter\u00a0\u00bb custom_padding=\u00a0\u00bb27px|0px|0|0px|false|false\u00a0\u00bb make_fullwidth=\u00a0\u00bbon\u00a0\u00bb][et_pb_column type=\u00a0\u00bb1_4&Prime; _builder_version=\u00a0\u00bb3.25&Prime; custom_padding=\u00a0\u00bb|||\u00a0\u00bb custom_padding__hover=\u00a0\u00bb|||\u00a0\u00bb][et_pb_sidebar area=\u00a0\u00bbet_pb_widget_area_3&Prime; _builder_version=\u00a0\u00bb4.9.0&Prime; body_font=\u00a0\u00bb||||||||\u00a0\u00bb body_text_align=\u00a0\u00bbleft\u00a0\u00bb body_text_color=\u00a0\u00bb#FFFFFF\u00a0\u00bb background_color=\u00a0\u00bb#5e7dab\u00a0\u00bb text_orientation=\u00a0\u00bbleft\u00a0\u00bb custom_padding=\u00a0\u00bb0px|10px|10px|10px\u00a0\u00bb global_module=\u00a0\u00bb469&Prime; saved_tabs=\u00a0\u00bball\u00a0\u00bb][\/et_pb_sidebar][et_pb_text admin_label=\u00a0\u00bbBloc infos utiles\u00a0\u00bb _builder_version=\u00a0\u00bb3.27.4&Prime; text_font=\u00a0\u00bb||||||||\u00a0\u00bb text_text_color=\u00a0\u00bb#ffffff\u00a0\u00bb text_line_height=\u00a0\u00bb1.8em\u00a0\u00bb background_color=\u00a0\u00bb#6dce63&Prime; text_orientation=\u00a0\u00bbjustified\u00a0\u00bb module_alignment=\u00a0\u00bbcenter\u00a0\u00bb custom_margin=\u00a0\u00bb40px||0px|\u00a0\u00bb custom_padding=\u00a0\u00bb20px|20px|20px|20px\u00a0\u00bb]<\/p>\n<h4><span style=\"color: #000000;\">EPHAD et Maisons de retraite<\/span><\/h4>\n<ul>\n<li><strong>La Qui\u00e9tude<\/strong><br \/> Chemin du Puisat<br \/> 73330 Le Pont-de-Beauvoisin<br \/> <em>T\u00e9l. 04.76.37.00.40<\/em><\/li>\n<li><strong>Les Augustines<\/strong><br \/> rue des Dames Augustines<br \/> 73330 Le Pont-de-Beauvoisin<br \/> <em>T\u00e9l. 04.76.37.22.60<span class=\"LrzXr zdqRlf kno-fv\"><\/span><\/em><\/li>\n<li><strong>Le Thomassin<\/strong><br \/>77, rue\u00a0 de la Guinguette<br \/> 38480 Pont-de-Beauvoisin<br \/> T\u00e9l. 04.76.32.64.59<\/li>\n<li><strong>R\u00e9sidence B\u00e9atrice<\/strong><br \/> 73360 Les Echelles<br \/> <em>T\u00e9l. 04.79.36.62.79<\/em><\/li>\n<li><strong>E.H.P.A.D du Lac d&rsquo;Aiguebelette<\/strong><br \/> Place des Quatre Saisons<br \/> 73470 Novalaise<br \/> <em>T\u00e9l. 04 79 26 41 90<\/em><\/li>\n<\/ul>\n<p>[\/et_pb_text][\/et_pb_column][et_pb_column type=\u00a0\u00bb1_2&Prime; _builder_version=\u00a0\u00bb3.25&Prime; custom_padding=\u00a0\u00bb|||\u00a0\u00bb custom_padding__hover=\u00a0\u00bb|||\u00a0\u00bb][et_pb_text admin_label=\u00a0\u00bbTexte Bienvenue \u00e0 Verel\u00a0\u00bb _builder_version=\u00a0\u00bb3.27.4&Prime; custom_margin=\u00a0\u00bb0px||0px|\u00a0\u00bb custom_padding=\u00a0\u00bb30px||0px|\u00a0\u00bb]<\/p>\n<h3>CCAS<\/h3>\n<p>[\/et_pb_text][et_pb_text admin_label=\u00a0\u00bbTexte suite\u00a0\u00bb _builder_version=\u00a0\u00bb3.27.4&Prime; text_line_height=\u00a0\u00bb1.9em\u00a0\u00bb text_orientation=\u00a0\u00bbjustified\u00a0\u00bb custom_margin=\u00a0\u00bb||0px|\u00a0\u00bb custom_padding=\u00a0\u00bb||0px|\u00a0\u00bb]<\/p>\n<ul>\n<li><strong>Repas des A\u00een\u00e9s<\/strong><br \/>Chaque ann\u00e9e en mars, le CCAS et la municipalit\u00e9 offrent leur traditionnel repas aux a\u00een\u00e9s de la commune. Celui-ci a lieu \u00e0 la Salle des F\u00eates de l&rsquo;Ami-Thiers.<\/li>\n<li><strong>Colis des A\u00een\u00e9s<\/strong><br \/>Les membres du CCAS ont le plaisir de rendre visite aux a\u00een\u00e9s de la commune afin de leur apporter quelques friandises pour les f\u00eates de fin d\u2019ann\u00e9e et ainsi partager quelques instants avec eux. En 2017, 27 colis ont \u00e9t\u00e9 distribu\u00e9s, dont 3 \u00e9taient destin\u00e9s \u00e0 nos a\u00een\u00e9s r\u00e9sidant en EHPAD, afin de leur t\u00e9moigner notre amiti\u00e9.<\/li>\n<li><strong>Arbre de No\u00ebl<\/strong><br \/>Depuis 3 ans, les CCAS de\u00a0Belmont-Tramonet et de Verel-de-Montbel organisent un arbre de Noel commun pour les enfants du regroupement scolaire. <br \/>Au programme, spectacle, go\u00fbter collectif et bien entendu visite du P\u00e8re No\u00ebl avec une hotte remplie de friandises pour chacun.<\/li>\n<\/ul>\n<p>[\/et_pb_text][et_pb_text admin_label=\u00a0\u00bbTexte Bienvenue \u00e0 Verel\u00a0\u00bb _builder_version=\u00a0\u00bb3.27.4&Prime; custom_margin=\u00a0\u00bb0px||0px|\u00a0\u00bb custom_padding=\u00a0\u00bb30px||0px|\u00a0\u00bb]<\/p>\n<h3>Permanences sociales\u00a0<\/h3>\n<p>[\/et_pb_text][et_pb_text admin_label=\u00a0\u00bbTexte suite\u00a0\u00bb _builder_version=\u00a0\u00bb3.27.4&Prime; text_line_height=\u00a0\u00bb1.9em\u00a0\u00bb text_orientation=\u00a0\u00bbjustified\u00a0\u00bb custom_margin=\u00a0\u00bb||0px|\u00a0\u00bb custom_padding=\u00a0\u00bb||0px|\u00a0\u00bb]<\/p>\n<ul>\n<li><strong>Assistante sociale<\/strong>\u00a0<strong>Conseil D\u00e9partemental de la Savoie<\/strong><br \/>&gt;\u00a0 Belmont-Tramonet, Verel-de-Montbel, Pont-de-Beauvoisin : C\u00e9lia Lozano<br \/>Sur rdv &#8211; 04.79.44.53.85<\/li>\n<li>PMI &#8211; Pu\u00e9ricultrice<br \/>&gt; St B\u00e9ron, Belmont-Tramont, Verel-de-Montbel : B\u00e9atrice Ruffin-Philibert<br \/>Sur rdv\u00a004.79.44.53.85<\/li>\n<li>CARSAT &#8211; Service social &#8211;\u00a0 Charlotte Billaud<br \/>Sur rdv en contactant le secr\u00e9tariat au 04.79.26.69.10<\/li>\n<li>CARSAT &#8211; Retraite<br \/>Plus de permanence, contacter le 3960<\/li>\n<li>CPAM<br \/>Pont-de-Beauvoisin : lundi 9h-12 <span style=\"text-decoration: underline;\">sans<\/span> rdv, jeudi 9h-12h <span style=\"text-decoration: underline;\">sur<\/span> rdv<br \/>06.17.30.25.51<\/li>\n<li>SOS Femmes violence<br \/>1er et 3\u00e8me vendredi apr\u00e8s-midi du mois<br \/>Sur rdv 04.79.85.53.68<\/li>\n<\/ul>\n<p>[\/et_pb_text][et_pb_image src=\u00a0\u00bbhttps:\/\/www.verel-de-montbel.fr\/mairie\/wp-content\/uploads\/2023\/01\/PERMANENCES-CSD2-scaled.jpg\u00a0\u00bb title_text=\u00a0\u00bbMicrosoft Word &#8211; PERMANENCES  CSD2.doc\u00a0\u00bb _builder_version=\u00a0\u00bb4.9.0&Prime; _module_preset=\u00a0\u00bbdefault\u00a0\u00bb width=\u00a0\u00bb78%\u00a0\u00bb module_alignment=\u00a0\u00bbcenter\u00a0\u00bb hover_enabled=\u00a0\u00bb0&Prime; box_shadow_style=\u00a0\u00bbpreset1&Prime; sticky_enabled=\u00a0\u00bb0&Prime;][\/et_pb_image][\/et_pb_column][et_pb_column type=\u00a0\u00bb1_4&Prime; _builder_version=\u00a0\u00bb3.25&Prime; custom_padding=\u00a0\u00bb|||\u00a0\u00bb custom_padding__hover=\u00a0\u00bb|||\u00a0\u00bb][et_pb_image src=\u00a0\u00bbhttp:\/\/verel-de-montbel.fr\/wp-content\/uploads\/2018\/07\/ADMR.jpg\u00a0\u00bb show_bottom_space=\u00a0\u00bboff\u00a0\u00bb align_tablet=\u00a0\u00bbcenter\u00a0\u00bb align_phone=\u00a0\u00bb\u00a0\u00bb align_last_edited=\u00a0\u00bbon|desktop\u00a0\u00bb _builder_version=\u00a0\u00bb3.23&Prime; custom_margin=\u00a0\u00bb||0px|\u00a0\u00bb][\/et_pb_image][et_pb_cta title=\u00a0\u00bbADMR\u00a0\u00bb button_url=\u00a0\u00bbhttp:\/\/www.admr-savoie.fr\/\u00a0\u00bb url_new_window=\u00a0\u00bbon\u00a0\u00bb button_text=\u00a0\u00bbEn savoir +\u00a0\u00bb _builder_version=\u00a0\u00bb3.16&Prime; header_level=\u00a0\u00bbh3&Prime; header_font=\u00a0\u00bb||||||||\u00a0\u00bb header_text_color=\u00a0\u00bb#ffffff\u00a0\u00bb body_font=\u00a0\u00bb||||||||\u00a0\u00bb body_text_color=\u00a0\u00bb#ffffff\u00a0\u00bb body_font_size=\u00a0\u00bb13px\u00a0\u00bb background_color=\u00a0\u00bb#930b0a\u00a0\u00bb custom_button=\u00a0\u00bbon\u00a0\u00bb button_text_size=\u00a0\u00bb14px\u00a0\u00bb button_text_color=\u00a0\u00bb#000000&Prime; button_bg_color=\u00a0\u00bb#ce5f5f\u00a0\u00bb button_border_width=\u00a0\u00bb0px\u00a0\u00bb button_font=\u00a0\u00bb||||||||\u00a0\u00bb button_alignment=\u00a0\u00bbcenter\u00a0\u00bb custom_margin=\u00a0\u00bb0px||20px|\u00a0\u00bb custom_padding=\u00a0\u00bb10px|10px|10px|10px\u00a0\u00bb border_width_all=\u00a0\u00bb1px\u00a0\u00bb border_color_all=\u00a0\u00bb#000000&Prime; border_style_all=\u00a0\u00bbdotted\u00a0\u00bb button_text_size__hover_enabled=\u00a0\u00bboff\u00a0\u00bb button_one_text_size__hover_enabled=\u00a0\u00bboff\u00a0\u00bb button_two_text_size__hover_enabled=\u00a0\u00bboff\u00a0\u00bb button_text_color__hover_enabled=\u00a0\u00bboff\u00a0\u00bb button_one_text_color__hover_enabled=\u00a0\u00bboff\u00a0\u00bb button_two_text_color__hover_enabled=\u00a0\u00bboff\u00a0\u00bb button_border_width__hover_enabled=\u00a0\u00bboff\u00a0\u00bb button_one_border_width__hover_enabled=\u00a0\u00bboff\u00a0\u00bb button_two_border_width__hover_enabled=\u00a0\u00bboff\u00a0\u00bb button_border_color__hover_enabled=\u00a0\u00bboff\u00a0\u00bb button_one_border_color__hover_enabled=\u00a0\u00bboff\u00a0\u00bb button_two_border_color__hover_enabled=\u00a0\u00bboff\u00a0\u00bb button_border_radius__hover_enabled=\u00a0\u00bboff\u00a0\u00bb button_one_border_radius__hover_enabled=\u00a0\u00bboff\u00a0\u00bb button_two_border_radius__hover_enabled=\u00a0\u00bboff\u00a0\u00bb button_letter_spacing__hover_enabled=\u00a0\u00bboff\u00a0\u00bb button_one_letter_spacing__hover_enabled=\u00a0\u00bboff\u00a0\u00bb button_two_letter_spacing__hover_enabled=\u00a0\u00bboff\u00a0\u00bb button_bg_color__hover_enabled=\u00a0\u00bboff\u00a0\u00bb button_one_bg_color__hover_enabled=\u00a0\u00bboff\u00a0\u00bb button_two_bg_color__hover_enabled=\u00a0\u00bboff\u00a0\u00bb]<\/p>\n<p style=\"text-align: center;\">Aide \u00e0 Domicile en Milieu Rural<br \/>ADMR Thiers au Guiers<br \/>20, chemin de la Milli\u00e8re<br \/>73520 Saint-B\u00e9ron<\/p>\n<p style=\"text-align: center;\">T\u00e9l. 04.76.31.25.60<\/p>\n<p style=\"text-align: center;\">Services pour personnes \u00e2g\u00e9es, d\u00e9pendantes, handicap\u00e9es, convalescentes, aide au m\u00e9nage&#8230;<\/p>\n<div class=\"bloc-btn-avis\"><\/div>\n<p>[\/et_pb_cta][et_pb_image src=\u00a0\u00bbhttp:\/\/verel-de-montbel.fr\/wp-content\/uploads\/2018\/07\/RESA.jpg\u00a0\u00bb show_bottom_space=\u00a0\u00bboff\u00a0\u00bb align_tablet=\u00a0\u00bbcenter\u00a0\u00bb align_phone=\u00a0\u00bb\u00a0\u00bb align_last_edited=\u00a0\u00bbon|desktop\u00a0\u00bb _builder_version=\u00a0\u00bb3.23&Prime; custom_margin=\u00a0\u00bb||0px|\u00a0\u00bb][\/et_pb_image][et_pb_cta title=\u00a0\u00bbRESA\u00a0\u00bb button_url=\u00a0\u00bbhttp:\/\/www.asso-resa73.com\/\u00a0\u00bb url_new_window=\u00a0\u00bbon\u00a0\u00bb button_text=\u00a0\u00bbEn savoir +\u00a0\u00bb _builder_version=\u00a0\u00bb3.16&Prime; header_level=\u00a0\u00bbh3&Prime; header_font=\u00a0\u00bb||||||||\u00a0\u00bb header_text_color=\u00a0\u00bb#ffffff\u00a0\u00bb body_font=\u00a0\u00bb||||||||\u00a0\u00bb body_text_color=\u00a0\u00bb#ffffff\u00a0\u00bb body_font_size=\u00a0\u00bb13px\u00a0\u00bb background_color=\u00a0\u00bb#ce2f2f\u00a0\u00bb custom_button=\u00a0\u00bbon\u00a0\u00bb button_text_size=\u00a0\u00bb14px\u00a0\u00bb button_text_color=\u00a0\u00bb#000000&Prime; button_bg_color=\u00a0\u00bb#ddb1b1&Prime; button_border_width=\u00a0\u00bb0px\u00a0\u00bb button_font=\u00a0\u00bb||||||||\u00a0\u00bb button_alignment=\u00a0\u00bbcenter\u00a0\u00bb custom_margin=\u00a0\u00bb0px||20px|\u00a0\u00bb custom_padding=\u00a0\u00bb10px|10px|10px|10px\u00a0\u00bb border_width_all=\u00a0\u00bb1px\u00a0\u00bb border_color_all=\u00a0\u00bb#000000&Prime; border_style_all=\u00a0\u00bbdotted\u00a0\u00bb button_text_size__hover_enabled=\u00a0\u00bboff\u00a0\u00bb button_one_text_size__hover_enabled=\u00a0\u00bboff\u00a0\u00bb button_two_text_size__hover_enabled=\u00a0\u00bboff\u00a0\u00bb button_text_color__hover_enabled=\u00a0\u00bboff\u00a0\u00bb button_one_text_color__hover_enabled=\u00a0\u00bboff\u00a0\u00bb button_two_text_color__hover_enabled=\u00a0\u00bboff\u00a0\u00bb button_border_width__hover_enabled=\u00a0\u00bboff\u00a0\u00bb button_one_border_width__hover_enabled=\u00a0\u00bboff\u00a0\u00bb button_two_border_width__hover_enabled=\u00a0\u00bboff\u00a0\u00bb button_border_color__hover_enabled=\u00a0\u00bboff\u00a0\u00bb button_one_border_color__hover_enabled=\u00a0\u00bboff\u00a0\u00bb button_two_border_color__hover_enabled=\u00a0\u00bboff\u00a0\u00bb button_border_radius__hover_enabled=\u00a0\u00bboff\u00a0\u00bb button_one_border_radius__hover_enabled=\u00a0\u00bboff\u00a0\u00bb button_two_border_radius__hover_enabled=\u00a0\u00bboff\u00a0\u00bb button_letter_spacing__hover_enabled=\u00a0\u00bboff\u00a0\u00bb button_one_letter_spacing__hover_enabled=\u00a0\u00bboff\u00a0\u00bb button_two_letter_spacing__hover_enabled=\u00a0\u00bboff\u00a0\u00bb button_bg_color__hover_enabled=\u00a0\u00bboff\u00a0\u00bb button_one_bg_color__hover_enabled=\u00a0\u00bboff\u00a0\u00bb button_two_bg_color__hover_enabled=\u00a0\u00bboff\u00a0\u00bb]<\/p>\n<p>R\u00e9seau Echange Solidarit\u00e9 Avant-Pays Savoyard<\/p>\n<p align=\"center\">Si\u00e8ge social\u00a0:\u00a0Maison de la vie locale<br \/> 73520 La Bridoire<br \/> T\u00e9l.\u00a0<span>04.76.31.82.42<\/span><\/p>\n<p align=\"center\">Mail : <span style=\"color: #ffffff;\"><a href=\"mailto:asso.resa@gmail.com\" style=\"color: #ffffff;\">asso.resa@gmail.com<\/a><\/span><\/p>\n<p align=\"center\">Des b\u00e9n\u00e9voles form\u00e9s viennent \u00e0 la rencontre des personnes \u00e2g\u00e9es qui se sentent seules<\/p>\n<p>[\/et_pb_cta][et_pb_cta title=\u00a0\u00bbLiens utiles\u00a0\u00bb url_new_window=\u00a0\u00bbon\u00a0\u00bb button_text=\u00a0\u00bbEn savoir +\u00a0\u00bb _builder_version=\u00a0\u00bb3.16&Prime; header_level=\u00a0\u00bbh3&Prime; header_font=\u00a0\u00bb||||||||\u00a0\u00bb header_text_align=\u00a0\u00bbcenter\u00a0\u00bb header_text_color=\u00a0\u00bb#ffffff\u00a0\u00bb body_font=\u00a0\u00bb||||||||\u00a0\u00bb body_text_color=\u00a0\u00bb#ffffff\u00a0\u00bb body_font_size=\u00a0\u00bb13px\u00a0\u00bb background_color=\u00a0\u00bb#5e7dab\u00a0\u00bb custom_button=\u00a0\u00bbon\u00a0\u00bb button_text_size=\u00a0\u00bb14px\u00a0\u00bb button_text_color=\u00a0\u00bb#000000&Prime; button_bg_color=\u00a0\u00bb#ddb1b1&Prime; button_border_width=\u00a0\u00bb0px\u00a0\u00bb button_font=\u00a0\u00bb||||||||\u00a0\u00bb button_alignment=\u00a0\u00bbcenter\u00a0\u00bb text_orientation=\u00a0\u00bbleft\u00a0\u00bb custom_margin=\u00a0\u00bb0px||20px|\u00a0\u00bb custom_padding=\u00a0\u00bb10px|10px|10px|10px\u00a0\u00bb border_width_all=\u00a0\u00bb1px\u00a0\u00bb border_color_all=\u00a0\u00bb#000000&Prime; border_style_all=\u00a0\u00bbdotted\u00a0\u00bb button_text_size__hover_enabled=\u00a0\u00bboff\u00a0\u00bb button_one_text_size__hover_enabled=\u00a0\u00bboff\u00a0\u00bb button_two_text_size__hover_enabled=\u00a0\u00bboff\u00a0\u00bb button_text_color__hover_enabled=\u00a0\u00bboff\u00a0\u00bb button_one_text_color__hover_enabled=\u00a0\u00bboff\u00a0\u00bb button_two_text_color__hover_enabled=\u00a0\u00bboff\u00a0\u00bb button_border_width__hover_enabled=\u00a0\u00bboff\u00a0\u00bb button_one_border_width__hover_enabled=\u00a0\u00bboff\u00a0\u00bb button_two_border_width__hover_enabled=\u00a0\u00bboff\u00a0\u00bb button_border_color__hover_enabled=\u00a0\u00bboff\u00a0\u00bb button_one_border_color__hover_enabled=\u00a0\u00bboff\u00a0\u00bb button_two_border_color__hover_enabled=\u00a0\u00bboff\u00a0\u00bb button_border_radius__hover_enabled=\u00a0\u00bboff\u00a0\u00bb button_one_border_radius__hover_enabled=\u00a0\u00bboff\u00a0\u00bb button_two_border_radius__hover_enabled=\u00a0\u00bboff\u00a0\u00bb button_letter_spacing__hover_enabled=\u00a0\u00bboff\u00a0\u00bb button_one_letter_spacing__hover_enabled=\u00a0\u00bboff\u00a0\u00bb button_two_letter_spacing__hover_enabled=\u00a0\u00bboff\u00a0\u00bb button_bg_color__hover_enabled=\u00a0\u00bboff\u00a0\u00bb button_one_bg_color__hover_enabled=\u00a0\u00bboff\u00a0\u00bb button_two_bg_color__hover_enabled=\u00a0\u00bboff\u00a0\u00bb]<\/p>\n<ul>\n<li><span style=\"color: #ffffff;\"><a href=\"https:\/\/www.ccvalguiers.fr\/maison-des-services-au-public-emploi\/\" target=\"_blank\" rel=\"noopener noreferrer\" style=\"color: #ffffff;\">Maisons des Services au public de Pont-de-Beauvoisin et St Genix s\/ Guiers<\/a><\/span><\/li>\n<li><span style=\"color: #ffffff;\"><a href=\"https:\/\/www.pole-emploi.fr\/accueil\/\" target=\"_blank\" rel=\"noopener noreferrer\" style=\"color: #ffffff;\">P\u00f4le Emploi<\/a><\/span><\/li>\n<li><span style=\"color: #ffffff;\"><a href=\"http:\/\/caf.fr\/\" target=\"_blank\" rel=\"noopener noreferrer\" style=\"color: #ffffff;\">CAF<\/a><\/span><\/li>\n<li><a href=\"http:\/\/www.securite-sociale.fr\/\" target=\"_blank\" rel=\"noopener noreferrer\"><span style=\"color: #ffffff;\">S\u00e9curit\u00e9 sociale<\/span><\/a><\/li>\n<li><span style=\"color: #ffffff;\"><a href=\"http:\/\/www.msa.fr\/lfy\" target=\"_blank\" rel=\"noopener noreferrer\" style=\"color: #ffffff;\">MSA<\/a><\/span><\/li>\n<li><a href=\"https:\/\/www.ameli.fr\/savoie\/assure\" target=\"_blank\" rel=\"noopener noreferrer\"><span color=\"#ffffff\" style=\"color: #ffffff;\">Assurance maladie<\/span><\/a><span color=\"#ffffff\" style=\"color: #ffffff;\"><\/span><\/li>\n<\/ul>\n<h3 style=\"text-align: center;\"><span color=\"#ffffff\" style=\"color: #ffffff;\">Num\u00e9ros utiles<\/span><\/h3>\n<ul style=\"text-align: center;\">\n<li style=\"text-align: justify;\"><span color=\"#ffffff\" style=\"color: #ffffff;\">H\u00f4pital de Pont-de-Beauvoisin<br \/>04.76.32.64.32\u00a0<\/span><\/li>\n<li style=\"text-align: justify;\">Pharmacie de garde : 32 37<\/li>\n<li style=\"text-align: justify;\">\n<p>SAMU : 15<\/p>\n<\/li>\n<li style=\"text-align: justify;\">\n<p>POMPIERS 18<\/p>\n<\/li>\n<li style=\"text-align: justify;\">\n<p>POLICE GENDARMERIE : 17<\/p>\n<\/li>\n<li style=\"text-align: justify;\">\n<p>Num\u00e9ro d&rsquo;urgence europ\u00e9en : 112 \u00a0<\/p>\n<\/li>\n<\/ul>\n<p>[\/et_pb_cta][\/et_pb_column][\/et_pb_row][\/et_pb_section][et_pb_section fb_built=\u00a0\u00bb1&Prime; _builder_version=\u00a0\u00bb4.9.0&Prime; background_image=\u00a0\u00bbhttps:\/\/www.verel-de-montbel.fr\/mairie\/wp-content\/uploads\/2018\/06\/bas-de-page-fond.jpg\u00a0\u00bb background_position=\u00a0\u00bbtop_center\u00a0\u00bb custom_padding=\u00a0\u00bb0|0px|0|0px|false|false\u00a0\u00bb global_module=\u00a0\u00bb305&Prime;][et_pb_row column_structure=\u00a0\u00bb1_3,1_3,1_3&Prime; _builder_version=\u00a0\u00bb3.25&Prime; custom_padding=\u00a0\u00bb104px|0px|80px|0px|false|false\u00a0\u00bb][et_pb_column type=\u00a0\u00bb1_3&Prime; _builder_version=\u00a0\u00bb3.25&Prime; custom_padding=\u00a0\u00bb|||\u00a0\u00bb custom_padding__hover=\u00a0\u00bb|||\u00a0\u00bb][et_pb_blurb use_icon=\u00a0\u00bbon\u00a0\u00bb font_icon=\u00a0\u00bb%%122%%\u00a0\u00bb icon_color=\u00a0\u00bb#ffffff\u00a0\u00bb use_icon_font_size=\u00a0\u00bbon\u00a0\u00bb icon_font_size=\u00a0\u00bb68px\u00a0\u00bb _builder_version=\u00a0\u00bb3.2.2&Prime; background_color=\u00a0\u00bbrgba(94,125,171,0.83)\u00a0\u00bb custom_margin=\u00a0\u00bb||0px|\u00a0\u00bb custom_padding=\u00a0\u00bb20px||0px|\u00a0\u00bb][\/et_pb_blurb][et_pb_text admin_label=\u00a0\u00bbCoordonn\u00e9es\u00a0\u00bb _builder_version=\u00a0\u00bb3.27.4&Prime; text_font=\u00a0\u00bbPoppins|300|||||||\u00a0\u00bb text_text_color=\u00a0\u00bb#ffffff\u00a0\u00bb text_font_size=\u00a0\u00bb18px\u00a0\u00bb text_letter_spacing=\u00a0\u00bb2px\u00a0\u00bb text_line_height=\u00a0\u00bb1.1em\u00a0\u00bb background_color=\u00a0\u00bbrgba(94,125,171,0.83)\u00a0\u00bb text_orientation=\u00a0\u00bbcenter\u00a0\u00bb custom_padding=\u00a0\u00bb0px||20px|\u00a0\u00bb]<\/p>\n<h3><span style=\"text-decoration: underline;\"><span style=\"color: #333333; text-decoration: underline;\">Coordonn\u00e9es<\/span><\/span><\/h3>\n<p>Mairie<br \/>Espace Chef-Lieu<br \/>73330 Verel-de-Montbel<\/p>\n<p>&nbsp;<\/p>\n<p>&nbsp;<\/p>\n<p>[\/et_pb_text][\/et_pb_column][et_pb_column type=\u00a0\u00bb1_3&Prime; _builder_version=\u00a0\u00bb3.25&Prime; custom_padding=\u00a0\u00bb|||\u00a0\u00bb custom_padding__hover=\u00a0\u00bb|||\u00a0\u00bb][et_pb_blurb use_icon=\u00a0\u00bbon\u00a0\u00bb font_icon=\u00a0\u00bb%%222%%\u00a0\u00bb icon_color=\u00a0\u00bb#ffffff\u00a0\u00bb use_icon_font_size=\u00a0\u00bbon\u00a0\u00bb icon_font_size=\u00a0\u00bb68px\u00a0\u00bb _builder_version=\u00a0\u00bb3.2.2&Prime; background_color=\u00a0\u00bbrgba(96,93,92,0.65)\u00a0\u00bb custom_margin=\u00a0\u00bb||0px|\u00a0\u00bb custom_padding=\u00a0\u00bb20px||0px|\u00a0\u00bb][\/et_pb_blurb][et_pb_text admin_label=\u00a0\u00bbCoordonn\u00e9es\u00a0\u00bb _builder_version=\u00a0\u00bb4.9.0&Prime; text_font=\u00a0\u00bbPoppins|300|||||||\u00a0\u00bb text_text_color=\u00a0\u00bb#ffffff\u00a0\u00bb text_font_size=\u00a0\u00bb18px\u00a0\u00bb text_line_height=\u00a0\u00bb1.1em\u00a0\u00bb link_text_color=\u00a0\u00bb#FFFFFF\u00a0\u00bb background_color=\u00a0\u00bbrgba(96,93,92,0.65)\u00a0\u00bb text_orientation=\u00a0\u00bbcenter\u00a0\u00bb custom_padding=\u00a0\u00bb0px||20px|\u00a0\u00bb]<\/p>\n<h3><span style=\"text-decoration: underline;\"><span style=\"color: #333333; text-decoration: underline;\">T\u00e9l\u00e9phone \/ Mail<\/span><\/span><\/h3>\n<p><span style=\"font-size: x-large;\">04 76 37 28 09<\/span><\/p>\n<p><a href=\"mailto:mairie.verel.de.montbel@wanadoo.fr\">mairie.verel.de.montbel@wanadoo.fr<\/a><\/p>\n<p>&nbsp;<\/p>\n<p>&nbsp;<\/p>\n<p>[\/et_pb_text][\/et_pb_column][et_pb_column type=\u00a0\u00bb1_3&Prime; _builder_version=\u00a0\u00bb3.25&Prime; custom_padding=\u00a0\u00bb|||\u00a0\u00bb custom_padding__hover=\u00a0\u00bb|||\u00a0\u00bb][et_pb_blurb use_icon=\u00a0\u00bbon\u00a0\u00bb font_icon=\u00a0\u00bb%%227%%\u00a0\u00bb icon_color=\u00a0\u00bb#ffffff\u00a0\u00bb use_icon_font_size=\u00a0\u00bbon\u00a0\u00bb icon_font_size=\u00a0\u00bb68px\u00a0\u00bb _builder_version=\u00a0\u00bb4.9.0&Prime; background_color=\u00a0\u00bbrgba(94,125,171,0.83)\u00a0\u00bb custom_margin=\u00a0\u00bb||0px|\u00a0\u00bb custom_padding=\u00a0\u00bb20px||0px|\u00a0\u00bb][\/et_pb_blurb][et_pb_text admin_label=\u00a0\u00bbCoordonn\u00e9es\u00a0\u00bb _builder_version=\u00a0\u00bb4.9.0&Prime; text_font=\u00a0\u00bbPoppins|300|||||||\u00a0\u00bb text_text_color=\u00a0\u00bb#ffffff\u00a0\u00bb text_font_size=\u00a0\u00bb18px\u00a0\u00bb text_letter_spacing=\u00a0\u00bb1px\u00a0\u00bb text_line_height=\u00a0\u00bb1.1em\u00a0\u00bb link_font=\u00a0\u00bb||||||||\u00a0\u00bb ul_font=\u00a0\u00bb||||||||\u00a0\u00bb background_color=\u00a0\u00bbrgba(94,125,171,0.83)\u00a0\u00bb text_orientation=\u00a0\u00bbcenter\u00a0\u00bb custom_padding=\u00a0\u00bb0px||20px|\u00a0\u00bb]<\/p>\n<h3><\/h3>\n<h3>Horaires d&rsquo;ouverture<\/h3>\n<p><span style=\"font-size: 16px;\">Mardi 9 h &#8211; 11 h<br \/> <\/span><\/p>\n<p><span style=\"font-size: 16px;\">Mercredi 13 h &#8211; 18 h<\/span><\/p>\n<p>Jeudi\u00a0 9 h &#8211; 11 h<\/p>\n<p>[\/et_pb_text][\/et_pb_column][\/et_pb_row][\/et_pb_section]<\/p>\n","protected":false},"excerpt":{"rendered":"<p>T\u00e9l\u00e9phone Mairie : 04 76 37 28 09EPHAD et Maisons de retraite La Qui\u00e9tude Chemin du Puisat 73330 Le Pont-de-Beauvoisin T\u00e9l. 04.76.37.00.40 Les Augustines rue des Dames Augustines 73330 Le Pont-de-Beauvoisin T\u00e9l. 04.76.37.22.60 Le Thomassin77, rue\u00a0 de la Guinguette 38480 Pont-de-Beauvoisin T\u00e9l. 04.76.32.64.59 R\u00e9sidence B\u00e9atrice 73360 Les Echelles T\u00e9l. 04.79.36.62.79 E.H.P.A.D du Lac d&rsquo;Aiguebelette Place [&hellip;]<\/p>\n","protected":false},"author":1,"featured_media":0,"parent":0,"menu_order":0,"comment_status":"closed","ping_status":"open","template":"","meta":{"_et_pb_use_builder":"on","_et_pb_old_content":"","_et_gb_content_width":"","footnotes":""},"class_list":["post-550","page","type-page","status-publish","hentry"],"publishpress_future_action":{"enabled":false,"date":"2026-05-07 16:24:45","action":"change-status","newStatus":"draft","terms":[],"taxonomy":"","extraData":[]},"publishpress_future_workflow_manual_trigger":{"enabledWorkflows":[]},"_links":{"self":[{"href":"https:\/\/www.verel-de-montbel.fr\/mairie\/wp-json\/wp\/v2\/pages\/550","targetHints":{"allow":["GET"]}}],"collection":[{"href":"https:\/\/www.verel-de-montbel.fr\/mairie\/wp-json\/wp\/v2\/pages"}],"about":[{"href":"https:\/\/www.verel-de-montbel.fr\/mairie\/wp-json\/wp\/v2\/types\/page"}],"author":[{"embeddable":true,"href":"https:\/\/www.verel-de-montbel.fr\/mairie\/wp-json\/wp\/v2\/users\/1"}],"replies":[{"embeddable":true,"href":"https:\/\/www.verel-de-montbel.fr\/mairie\/wp-json\/wp\/v2\/comments?post=550"}],"version-history":[{"count":2,"href":"https:\/\/www.verel-de-montbel.fr\/mairie\/wp-json\/wp\/v2\/pages\/550\/revisions"}],"predecessor-version":[{"id":2703,"href":"https:\/\/www.verel-de-montbel.fr\/mairie\/wp-json\/wp\/v2\/pages\/550\/revisions\/2703"}],"wp:attachment":[{"href":"https:\/\/www.verel-de-montbel.fr\/mairie\/wp-json\/wp\/v2\/media?parent=550"}],"curies":[{"name":"wp","href":"https:\/\/api.w.org\/{rel}","templated":true}]}}