{"id":1124,"date":"2018-10-04T17:40:12","date_gmt":"2018-10-04T15:40:12","guid":{"rendered":"https:\/\/verel-de-montbel.fr\/?page_id=1124"},"modified":"2021-02-23T08:25:34","modified_gmt":"2021-02-23T07:25:34","slug":"sentiers","status":"publish","type":"page","link":"https:\/\/www.verel-de-montbel.fr\/mairie\/sentiers\/","title":{"rendered":"Sentiers"},"content":{"rendered":"<p>[et_pb_section fb_built=\u00a0\u00bb1&Prime; _builder_version=\u00a0\u00bb3.22&Prime; background_position=\u00a0\u00bbtop_center\u00a0\u00bb custom_padding=\u00a0\u00bb0|0px|0|0px|false|false\u00a0\u00bb global_module=\u00a0\u00bb301&Prime;][et_pb_row column_structure=\u00a0\u00bb1_2,1_2&Prime; disabled_on=\u00a0\u00bbon|on|off\u00a0\u00bb _builder_version=\u00a0\u00bb3.25&Prime; background_color=\u00a0\u00bbrgba(255,255,255,0)\u00a0\u00bb width=\u00a0\u00bb100%\u00a0\u00bb max_width=\u00a0\u00bb100%\u00a0\u00bb module_alignment=\u00a0\u00bbcenter\u00a0\u00bb custom_margin=\u00a0\u00bb0px|||\u00a0\u00bb custom_padding=\u00a0\u00bb0px|0px|0px|\u00a0\u00bb use_custom_width=\u00a0\u00bbon\u00a0\u00bb width_unit=\u00a0\u00bboff\u00a0\u00bb custom_width_percent=\u00a0\u00bb100%\u00a0\u00bb][et_pb_column type=\u00a0\u00bb1_2&Prime; _builder_version=\u00a0\u00bb3.25&Prime; custom_padding=\u00a0\u00bb|||\u00a0\u00bb custom_padding__hover=\u00a0\u00bb|||\u00a0\u00bb][et_pb_text _builder_version=\u00a0\u00bb3.27.4&Prime; text_font=\u00a0\u00bb|600||||on|||\u00a0\u00bb text_text_color=\u00a0\u00bb#8aa07e\u00a0\u00bb text_font_size=\u00a0\u00bb18px\u00a0\u00bb header_text_align=\u00a0\u00bbleft\u00a0\u00bb custom_margin=\u00a0\u00bb20px||10px|30px\u00a0\u00bb]<\/p>\n<p>T\u00e9l\u00e9phone Mairie : 04 76 37 28 09<\/p>\n<p>[\/et_pb_text][\/et_pb_column][et_pb_column type=\u00a0\u00bb1_2&Prime; _builder_version=\u00a0\u00bb3.25&Prime; custom_padding=\u00a0\u00bb|||\u00a0\u00bb custom_padding__hover=\u00a0\u00bb|||\u00a0\u00bb][et_pb_search exclude_pages=\u00a0\u00bboff\u00a0\u00bb button_color=\u00a0\u00bb#9eb791&Prime; placeholder_color=\u00a0\u00bb#ffffff\u00a0\u00bb _builder_version=\u00a0\u00bb3.23&Prime; form_field_text_color=\u00a0\u00bb#ffffff\u00a0\u00bb button_font=\u00a0\u00bbUbuntu||||||||\u00a0\u00bb button_text_color=\u00a0\u00bb#ffffff\u00a0\u00bb button_font_size=\u00a0\u00bb12px\u00a0\u00bb button_letter_spacing=\u00a0\u00bb3px\u00a0\u00bb form_field_font=\u00a0\u00bbUbuntu||||||||\u00a0\u00bb form_field_text_align=\u00a0\u00bbright\u00a0\u00bb background_color=\u00a0\u00bbrgba(158,183,145,0.98)\u00a0\u00bb text_orientation=\u00a0\u00bbcenter\u00a0\u00bb max_width=\u00a0\u00bb24%\u00a0\u00bb module_alignment=\u00a0\u00bbright\u00a0\u00bb custom_margin=\u00a0\u00bb20px||10px|\u00a0\u00bb custom_padding=\u00a0\u00bb|||\u00a0\u00bb border_radii=\u00a0\u00bbon|25px|25px|25px|25px\u00a0\u00bb border_width_all=\u00a0\u00bb0px\u00a0\u00bb input_text_color=\u00a0\u00bb#ffffff\u00a0\u00bb input_font=\u00a0\u00bbUbuntu||||||||\u00a0\u00bb input_text_align=\u00a0\u00bbright\u00a0\u00bb button_text_size__hover_enabled=\u00a0\u00bboff\u00a0\u00bb button_text_size__hover=\u00a0\u00bbnull\u00a0\u00bb button_one_text_size__hover_enabled=\u00a0\u00bboff\u00a0\u00bb button_one_text_size__hover=\u00a0\u00bbnull\u00a0\u00bb button_two_text_size__hover_enabled=\u00a0\u00bboff\u00a0\u00bb button_two_text_size__hover=\u00a0\u00bbnull\u00a0\u00bb button_text_color__hover_enabled=\u00a0\u00bboff\u00a0\u00bb button_text_color__hover=\u00a0\u00bbnull\u00a0\u00bb button_one_text_color__hover_enabled=\u00a0\u00bboff\u00a0\u00bb button_one_text_color__hover=\u00a0\u00bbnull\u00a0\u00bb button_two_text_color__hover_enabled=\u00a0\u00bboff\u00a0\u00bb button_two_text_color__hover=\u00a0\u00bbnull\u00a0\u00bb button_border_width__hover_enabled=\u00a0\u00bboff\u00a0\u00bb button_border_width__hover=\u00a0\u00bbnull\u00a0\u00bb button_one_border_width__hover_enabled=\u00a0\u00bboff\u00a0\u00bb button_one_border_width__hover=\u00a0\u00bbnull\u00a0\u00bb button_two_border_width__hover_enabled=\u00a0\u00bboff\u00a0\u00bb button_two_border_width__hover=\u00a0\u00bbnull\u00a0\u00bb button_border_color__hover_enabled=\u00a0\u00bboff\u00a0\u00bb button_border_color__hover=\u00a0\u00bbnull\u00a0\u00bb button_one_border_color__hover_enabled=\u00a0\u00bboff\u00a0\u00bb button_one_border_color__hover=\u00a0\u00bbnull\u00a0\u00bb button_two_border_color__hover_enabled=\u00a0\u00bboff\u00a0\u00bb button_two_border_color__hover=\u00a0\u00bbnull\u00a0\u00bb button_border_radius__hover_enabled=\u00a0\u00bboff\u00a0\u00bb button_border_radius__hover=\u00a0\u00bbnull\u00a0\u00bb button_one_border_radius__hover_enabled=\u00a0\u00bboff\u00a0\u00bb button_one_border_radius__hover=\u00a0\u00bbnull\u00a0\u00bb button_two_border_radius__hover_enabled=\u00a0\u00bboff\u00a0\u00bb button_two_border_radius__hover=\u00a0\u00bbnull\u00a0\u00bb button_letter_spacing__hover_enabled=\u00a0\u00bboff\u00a0\u00bb button_letter_spacing__hover=\u00a0\u00bbnull\u00a0\u00bb button_one_letter_spacing__hover_enabled=\u00a0\u00bboff\u00a0\u00bb button_one_letter_spacing__hover=\u00a0\u00bbnull\u00a0\u00bb button_two_letter_spacing__hover_enabled=\u00a0\u00bboff\u00a0\u00bb button_two_letter_spacing__hover=\u00a0\u00bbnull\u00a0\u00bb button_bg_color__hover_enabled=\u00a0\u00bboff\u00a0\u00bb button_bg_color__hover=\u00a0\u00bbnull\u00a0\u00bb button_one_bg_color__hover_enabled=\u00a0\u00bboff\u00a0\u00bb button_one_bg_color__hover=\u00a0\u00bbnull\u00a0\u00bb button_two_bg_color__hover_enabled=\u00a0\u00bboff\u00a0\u00bb button_two_bg_color__hover=\u00a0\u00bbnull\u00a0\u00bb][\/et_pb_search][\/et_pb_column][\/et_pb_row][\/et_pb_section][et_pb_section fb_built=\u00a0\u00bb1&Prime; fullwidth=\u00a0\u00bbon\u00a0\u00bb admin_label=\u00a0\u00bbImage en-t\u00eate pages\u00a0\u00bb _builder_version=\u00a0\u00bb3.2.2&Prime; global_module=\u00a0\u00bb317&Prime;][et_pb_fullwidth_image src=\u00a0\u00bbhttps:\/\/www.verel-de-montbel.fr\/mairie\/wp-content\/uploads\/2018\/06\/en-tete-pages.jpg\u00a0\u00bb alt=\u00a0\u00bbEn-t\u00eate : Verel-de-Montbel, le village, l&rsquo;\u00e9glise, la mairie\u00a0\u00bb title_text=\u00a0\u00bbVerel-de-Montbel\u00a0\u00bb url=\u00a0\u00bbhttp:\/\/www.verel-de-montbel.fr\u00a0\u00bb _builder_version=\u00a0\u00bb4.9.0&Prime;][\/et_pb_fullwidth_image][\/et_pb_section][et_pb_section fb_built=\u00a0\u00bb1&Prime; fullwidth=\u00a0\u00bbon\u00a0\u00bb module_id=\u00a0\u00bbmenuhaut\u00a0\u00bb _builder_version=\u00a0\u00bb3.15&Prime; background_image=\u00a0\u00bbhttp:\/\/verel-de-montbel.fr\/wp-content\/uploads\/2018\/06\/Fond-menu-Bois1.jpg\u00a0\u00bb background_size=\u00a0\u00bbinitial\u00a0\u00bb background_repeat=\u00a0\u00bbrepeat\u00a0\u00bb global_module=\u00a0\u00bb304&Prime;][et_pb_fullwidth_menu menu_id=\u00a0\u00bb10&Prime; submenu_direction=\u00a0\u00bbdownwards\u00a0\u00bb fullwidth_menu=\u00a0\u00bbon\u00a0\u00bb active_link_color=\u00a0\u00bb#ffffff\u00a0\u00bb dropdown_menu_bg_color=\u00a0\u00bb#21100c\u00a0\u00bb dropdown_menu_line_color=\u00a0\u00bb#9eb791&Prime; dropdown_menu_text_color=\u00a0\u00bb#ffffff\u00a0\u00bb mobile_menu_text_color=\u00a0\u00bb#ffffff\u00a0\u00bb disabled_on=\u00a0\u00bbon|on|\u00a0\u00bb admin_label=\u00a0\u00bbMenu du site\u00a0\u00bb _builder_version=\u00a0\u00bb4.9.0&Prime; menu_font=\u00a0\u00bbPoppins||||||||\u00a0\u00bb menu_text_color=\u00a0\u00bb#ffffff\u00a0\u00bb menu_font_size=\u00a0\u00bb17px\u00a0\u00bb menu_letter_spacing=\u00a0\u00bb1px\u00a0\u00bb menu_line_height=\u00a0\u00bb1.2em\u00a0\u00bb background_color=\u00a0\u00bbrgba(255,255,255,0)\u00a0\u00bb background_image=\u00a0\u00bbhttps:\/\/www.verel-de-montbel.fr\/mairie\/wp-content\/uploads\/2018\/06\/Fond-menu-Bois1.jpg\u00a0\u00bb text_orientation=\u00a0\u00bbcenter\u00a0\u00bb custom_margin=\u00a0\u00bb0px|||\u00a0\u00bb custom_padding=\u00a0\u00bb0px|||\u00a0\u00bb][\/et_pb_fullwidth_menu][\/et_pb_section][et_pb_section fb_built=\u00a0\u00bb1&Prime; fullwidth=\u00a0\u00bbon\u00a0\u00bb _builder_version=\u00a0\u00bb3.22&Prime; custom_padding=\u00a0\u00bb0px|0px|0||false|false\u00a0\u00bb][et_pb_fullwidth_post_title meta=\u00a0\u00bboff\u00a0\u00bb featured_image=\u00a0\u00bboff\u00a0\u00bb admin_label=\u00a0\u00bbTitre de page\u00a0\u00bb _builder_version=\u00a0\u00bb3.2.2&Prime; title_font=\u00a0\u00bb|300|||||||\u00a0\u00bb title_text_align=\u00a0\u00bbright\u00a0\u00bb title_text_color=\u00a0\u00bb#ffffff\u00a0\u00bb title_font_size=\u00a0\u00bb17px\u00a0\u00bb title_letter_spacing=\u00a0\u00bb4px\u00a0\u00bb background_color=\u00a0\u00bb#190a07&Prime; text_orientation=\u00a0\u00bbright\u00a0\u00bb custom_padding=\u00a0\u00bb15px||10px|\u00a0\u00bb][\/et_pb_fullwidth_post_title][\/et_pb_section][et_pb_section fb_built=\u00a0\u00bb1&Prime; _builder_version=\u00a0\u00bb3.22&Prime; custom_padding=\u00a0\u00bb4px|0px|19px|0px|false|false\u00a0\u00bb][et_pb_row use_custom_gutter=\u00a0\u00bbon\u00a0\u00bb module_class=\u00a0\u00bb et_pb_row_fullwidth\u00a0\u00bb _builder_version=\u00a0\u00bb3.25&Prime; width=\u00a0\u00bb89%\u00a0\u00bb width_tablet=\u00a0\u00bb80%\u00a0\u00bb width_last_edited=\u00a0\u00bbon|desktop\u00a0\u00bb max_width=\u00a0\u00bb89%\u00a0\u00bb max_width_tablet=\u00a0\u00bb80%\u00a0\u00bb max_width_last_edited=\u00a0\u00bbon|desktop\u00a0\u00bb module_alignment=\u00a0\u00bbcenter\u00a0\u00bb custom_padding=\u00a0\u00bb27px|0px|0|0px|false|false\u00a0\u00bb make_fullwidth=\u00a0\u00bbon\u00a0\u00bb column_structure=\u00a0\u00bb1_4,1_2,1_4&Prime;][et_pb_column type=\u00a0\u00bb1_4&Prime; _builder_version=\u00a0\u00bb3.25&Prime; custom_padding=\u00a0\u00bb|||\u00a0\u00bb custom_padding__hover=\u00a0\u00bb|||\u00a0\u00bb][et_pb_sidebar area=\u00a0\u00bbet_pb_widget_area_3&Prime; _builder_version=\u00a0\u00bb4.9.0&Prime; body_font=\u00a0\u00bb||||||||\u00a0\u00bb body_text_align=\u00a0\u00bbleft\u00a0\u00bb body_text_color=\u00a0\u00bb#FFFFFF\u00a0\u00bb background_color=\u00a0\u00bb#5e7dab\u00a0\u00bb text_orientation=\u00a0\u00bbleft\u00a0\u00bb custom_padding=\u00a0\u00bb0px|10px|10px|10px\u00a0\u00bb global_module=\u00a0\u00bb469&Prime; saved_tabs=\u00a0\u00bball\u00a0\u00bb][\/et_pb_sidebar][et_pb_button button_url=\u00a0\u00bbhttps:\/\/www.pays-lac-aiguebelette.com\/je-pratique\/randonnees\/\u00a0\u00bb url_new_window=\u00a0\u00bbon\u00a0\u00bb button_text=\u00a0\u00bb+ de randonn\u00e9es sur le site de l&rsquo;Office du Tourisme du Pays du Lac d&rsquo;Aiguebelette\u00a0\u00bb button_alignment=\u00a0\u00bbcenter\u00a0\u00bb _builder_version=\u00a0\u00bb3.16&Prime; custom_button=\u00a0\u00bbon\u00a0\u00bb button_text_size=\u00a0\u00bb16px\u00a0\u00bb button_text_color=\u00a0\u00bb#ffffff\u00a0\u00bb button_bg_color=\u00a0\u00bb#605d5c\u00a0\u00bb button_font=\u00a0\u00bb||||||||\u00a0\u00bb button_text_size__hover_enabled=\u00a0\u00bboff\u00a0\u00bb button_one_text_size__hover_enabled=\u00a0\u00bboff\u00a0\u00bb button_two_text_size__hover_enabled=\u00a0\u00bboff\u00a0\u00bb button_text_color__hover_enabled=\u00a0\u00bboff\u00a0\u00bb button_one_text_color__hover_enabled=\u00a0\u00bboff\u00a0\u00bb button_two_text_color__hover_enabled=\u00a0\u00bboff\u00a0\u00bb button_border_width__hover_enabled=\u00a0\u00bboff\u00a0\u00bb button_one_border_width__hover_enabled=\u00a0\u00bboff\u00a0\u00bb button_two_border_width__hover_enabled=\u00a0\u00bboff\u00a0\u00bb button_border_color__hover_enabled=\u00a0\u00bboff\u00a0\u00bb button_one_border_color__hover_enabled=\u00a0\u00bboff\u00a0\u00bb button_two_border_color__hover_enabled=\u00a0\u00bboff\u00a0\u00bb button_border_radius__hover_enabled=\u00a0\u00bboff\u00a0\u00bb button_one_border_radius__hover_enabled=\u00a0\u00bboff\u00a0\u00bb button_two_border_radius__hover_enabled=\u00a0\u00bboff\u00a0\u00bb button_letter_spacing__hover_enabled=\u00a0\u00bboff\u00a0\u00bb button_one_letter_spacing__hover_enabled=\u00a0\u00bboff\u00a0\u00bb button_two_letter_spacing__hover_enabled=\u00a0\u00bboff\u00a0\u00bb button_bg_color__hover_enabled=\u00a0\u00bboff\u00a0\u00bb button_one_bg_color__hover_enabled=\u00a0\u00bboff\u00a0\u00bb button_two_bg_color__hover_enabled=\u00a0\u00bboff\u00a0\u00bb][\/et_pb_button][\/et_pb_column][et_pb_column type=\u00a0\u00bb1_2&Prime; _builder_version=\u00a0\u00bb3.25&Prime; custom_padding=\u00a0\u00bb|||\u00a0\u00bb custom_padding__hover=\u00a0\u00bb|||\u00a0\u00bb][et_pb_text admin_label=\u00a0\u00bbTexte Bienvenue \u00e0 Verel\u00a0\u00bb _builder_version=\u00a0\u00bb3.27.4&Prime; custom_margin=\u00a0\u00bb0px||0px|\u00a0\u00bb custom_padding=\u00a0\u00bb||0px|\u00a0\u00bb]<\/p>\n<h3>Boucle de Verel-de-Montbel<\/h3>\n<p>[\/et_pb_text][et_pb_text admin_label=\u00a0\u00bbTexte suite\u00a0\u00bb _builder_version=\u00a0\u00bb3.27.4&Prime; text_line_height=\u00a0\u00bb1.9em\u00a0\u00bb text_orientation=\u00a0\u00bbjustified\u00a0\u00bb custom_margin=\u00a0\u00bb||0px|\u00a0\u00bb custom_padding=\u00a0\u00bb||0px|\u00a0\u00bb][\/et_pb_text][et_pb_text admin_label=\u00a0\u00bbTexte suite\u00a0\u00bb _builder_version=\u00a0\u00bb3.27.4&Prime; text_line_height=\u00a0\u00bb1.9em\u00a0\u00bb text_orientation=\u00a0\u00bbjustified\u00a0\u00bb custom_margin=\u00a0\u00bb||0px|\u00a0\u00bb custom_padding=\u00a0\u00bb||0px|\u00a0\u00bb]<\/p>\n<ul>\n<li>Th\u00e8me : d\u00e9couverte du patrimoine local<\/li>\n<li>5,3 km<\/li>\n<li>Dur\u00e9e : 1h15 ou 2h30<\/li>\n<li>Altitude : de 255m \u00e0 439m<\/li>\n<li>Facile<\/li>\n<li>Chemins ruraux<\/li>\n<li>D\u00e9part depuis la place de l&rsquo;\u00e9glise de Verel-de-Montbel<\/li>\n<\/ul>\n<p>[\/et_pb_text][et_pb_gallery gallery_ids=\u00a0\u00bb1146,1147,1148,1149,1150&Prime; fullwidth=\u00a0\u00bbon\u00a0\u00bb db_images_per_row=\u00a0\u00bb1&Prime; dbdb_version=\u00a0\u00bb3.3.7&Prime; _builder_version=\u00a0\u00bb3.15&Prime; max_width=\u00a0\u00bb61%\u00a0\u00bb module_alignment=\u00a0\u00bbcenter\u00a0\u00bb][\/et_pb_gallery][\/et_pb_column][et_pb_column type=\u00a0\u00bb1_4&Prime; _builder_version=\u00a0\u00bb3.25&Prime; custom_padding=\u00a0\u00bb|||\u00a0\u00bb custom_padding__hover=\u00a0\u00bb|||\u00a0\u00bb][et_pb_cta title=\u00a0\u00bbGuide des randonn\u00e9es\u00a0\u00bb button_url=\u00a0\u00bbhttp:\/\/www.avant-pays-savoyard.com\/a-decouvrir\/sports-a-nature\/75-guide-des-randonnees.html\u00a0\u00bb url_new_window=\u00a0\u00bbon\u00a0\u00bb button_text=\u00a0\u00bbEn savoir +\u00a0\u00bb _builder_version=\u00a0\u00bb4.9.0&Prime; header_font=\u00a0\u00bb||||||||\u00a0\u00bb header_text_color=\u00a0\u00bb#452a21&Prime; background_color=\u00a0\u00bb#9eb791&Prime; custom_button=\u00a0\u00bbon\u00a0\u00bb button_text_size=\u00a0\u00bb15px\u00a0\u00bb button_bg_color=\u00a0\u00bb#452a21&Prime; button_border_width=\u00a0\u00bb0px\u00a0\u00bb button_font=\u00a0\u00bb||||||||\u00a0\u00bb hover_enabled=\u00a0\u00bb0&Prime; button_text_size__hover_enabled=\u00a0\u00bboff\u00a0\u00bb button_one_text_size__hover_enabled=\u00a0\u00bboff\u00a0\u00bb button_two_text_size__hover_enabled=\u00a0\u00bboff\u00a0\u00bb button_text_color__hover_enabled=\u00a0\u00bboff\u00a0\u00bb button_one_text_color__hover_enabled=\u00a0\u00bboff\u00a0\u00bb button_two_text_color__hover_enabled=\u00a0\u00bboff\u00a0\u00bb button_border_width__hover_enabled=\u00a0\u00bboff\u00a0\u00bb button_one_border_width__hover_enabled=\u00a0\u00bboff\u00a0\u00bb button_two_border_width__hover_enabled=\u00a0\u00bboff\u00a0\u00bb button_border_color__hover_enabled=\u00a0\u00bboff\u00a0\u00bb button_one_border_color__hover_enabled=\u00a0\u00bboff\u00a0\u00bb button_two_border_color__hover_enabled=\u00a0\u00bboff\u00a0\u00bb button_border_radius__hover_enabled=\u00a0\u00bboff\u00a0\u00bb button_one_border_radius__hover_enabled=\u00a0\u00bboff\u00a0\u00bb button_two_border_radius__hover_enabled=\u00a0\u00bboff\u00a0\u00bb button_letter_spacing__hover_enabled=\u00a0\u00bboff\u00a0\u00bb button_one_letter_spacing__hover_enabled=\u00a0\u00bboff\u00a0\u00bb button_two_letter_spacing__hover_enabled=\u00a0\u00bboff\u00a0\u00bb button_bg_color__hover_enabled=\u00a0\u00bboff\u00a0\u00bb button_one_bg_color__hover_enabled=\u00a0\u00bboff\u00a0\u00bb button_two_bg_color__hover_enabled=\u00a0\u00bboff\u00a0\u00bb sticky_enabled=\u00a0\u00bb0&Prime;]Classeur regroupant les randonn\u00e9es de l&rsquo;Avant-Pays Savoyard<br \/>\n<img loading=\"lazy\" decoding=\"async\" src=\"https:\/\/verel-de-montbel.fr\/mairie\/wp-content\/uploads\/2018\/10\/guide-randonnees.jpg\" width=\"127\" height=\"150\" alt=\"\" class=\"wp-image-1140 alignnone size-full\" \/><br \/>\n+ d&rsquo;infos sur le site du SMAPS[\/et_pb_cta][\/et_pb_column][\/et_pb_row][\/et_pb_section][et_pb_section fb_built=\u00a0\u00bb1&Prime; _builder_version=\u00a0\u00bb4.9.0&Prime; background_image=\u00a0\u00bbhttps:\/\/www.verel-de-montbel.fr\/mairie\/wp-content\/uploads\/2018\/06\/bas-de-page-fond.jpg\u00a0\u00bb background_position=\u00a0\u00bbtop_center\u00a0\u00bb custom_padding=\u00a0\u00bb0|0px|0|0px|false|false\u00a0\u00bb global_module=\u00a0\u00bb305&Prime;][et_pb_row column_structure=\u00a0\u00bb1_3,1_3,1_3&Prime; _builder_version=\u00a0\u00bb3.25&Prime; custom_padding=\u00a0\u00bb90px|0px|80px|0px|false|false\u00a0\u00bb][et_pb_column type=\u00a0\u00bb1_3&Prime; _builder_version=\u00a0\u00bb3.25&Prime; custom_padding=\u00a0\u00bb|||\u00a0\u00bb custom_padding__hover=\u00a0\u00bb|||\u00a0\u00bb][et_pb_blurb use_icon=\u00a0\u00bbon\u00a0\u00bb font_icon=\u00a0\u00bb%%122%%\u00a0\u00bb icon_color=\u00a0\u00bb#ffffff\u00a0\u00bb use_icon_font_size=\u00a0\u00bbon\u00a0\u00bb icon_font_size=\u00a0\u00bb68px\u00a0\u00bb _builder_version=\u00a0\u00bb3.2.2&Prime; background_color=\u00a0\u00bbrgba(94,125,171,0.83)\u00a0\u00bb custom_margin=\u00a0\u00bb||0px|\u00a0\u00bb custom_padding=\u00a0\u00bb20px||0px|\u00a0\u00bb][\/et_pb_blurb][et_pb_text admin_label=\u00a0\u00bbCoordonn\u00e9es\u00a0\u00bb _builder_version=\u00a0\u00bb3.27.4&Prime; text_font=\u00a0\u00bbPoppins|300|||||||\u00a0\u00bb text_text_color=\u00a0\u00bb#ffffff\u00a0\u00bb text_font_size=\u00a0\u00bb18px\u00a0\u00bb text_letter_spacing=\u00a0\u00bb2px\u00a0\u00bb text_line_height=\u00a0\u00bb1.1em\u00a0\u00bb background_color=\u00a0\u00bbrgba(94,125,171,0.83)\u00a0\u00bb text_orientation=\u00a0\u00bbcenter\u00a0\u00bb custom_padding=\u00a0\u00bb0px||20px|\u00a0\u00bb]<\/p>\n<h3><span style=\"text-decoration: underline;\"><span style=\"color: #333333; text-decoration: underline;\">Coordonn\u00e9es<\/span><\/span><\/h3>\n<p>Mairie<br \/>Espace Chef-Lieu<br \/>73330 Verel-de-Montbel<\/p>\n<p>&nbsp;<\/p>\n<p>&nbsp;<\/p>\n<p>[\/et_pb_text][\/et_pb_column][et_pb_column type=\u00a0\u00bb1_3&Prime; _builder_version=\u00a0\u00bb3.25&Prime; custom_padding=\u00a0\u00bb|||\u00a0\u00bb custom_padding__hover=\u00a0\u00bb|||\u00a0\u00bb][et_pb_blurb use_icon=\u00a0\u00bbon\u00a0\u00bb font_icon=\u00a0\u00bb%%222%%\u00a0\u00bb icon_color=\u00a0\u00bb#ffffff\u00a0\u00bb use_icon_font_size=\u00a0\u00bbon\u00a0\u00bb icon_font_size=\u00a0\u00bb68px\u00a0\u00bb _builder_version=\u00a0\u00bb3.2.2&Prime; background_color=\u00a0\u00bbrgba(96,93,92,0.65)\u00a0\u00bb custom_margin=\u00a0\u00bb||0px|\u00a0\u00bb custom_padding=\u00a0\u00bb20px||0px|\u00a0\u00bb][\/et_pb_blurb][et_pb_text admin_label=\u00a0\u00bbCoordonn\u00e9es\u00a0\u00bb _builder_version=\u00a0\u00bb4.9.0&Prime; text_font=\u00a0\u00bbPoppins|300|||||||\u00a0\u00bb text_text_color=\u00a0\u00bb#ffffff\u00a0\u00bb text_font_size=\u00a0\u00bb18px\u00a0\u00bb text_line_height=\u00a0\u00bb1.1em\u00a0\u00bb link_text_color=\u00a0\u00bb#FFFFFF\u00a0\u00bb background_color=\u00a0\u00bbrgba(96,93,92,0.65)\u00a0\u00bb text_orientation=\u00a0\u00bbcenter\u00a0\u00bb custom_padding=\u00a0\u00bb0px||20px|\u00a0\u00bb]<\/p>\n<h3><span style=\"text-decoration: underline;\"><span style=\"color: #333333; text-decoration: underline;\">T\u00e9l\u00e9phone \/ Mail<\/span><\/span><\/h3>\n<p><span style=\"font-size: x-large;\">04 76 37 28 09<\/span><\/p>\n<p><a href=\"mailto:mairie.verel.de.montbel@wanadoo.fr\">mairie.verel.de.montbel@wanadoo.fr<\/a><\/p>\n<p>&nbsp;<\/p>\n<p>&nbsp;<\/p>\n<p>[\/et_pb_text][\/et_pb_column][et_pb_column type=\u00a0\u00bb1_3&Prime; _builder_version=\u00a0\u00bb3.25&Prime; custom_padding=\u00a0\u00bb|||\u00a0\u00bb custom_padding__hover=\u00a0\u00bb|||\u00a0\u00bb][et_pb_blurb use_icon=\u00a0\u00bbon\u00a0\u00bb font_icon=\u00a0\u00bb%%227%%\u00a0\u00bb icon_color=\u00a0\u00bb#ffffff\u00a0\u00bb use_icon_font_size=\u00a0\u00bbon\u00a0\u00bb icon_font_size=\u00a0\u00bb68px\u00a0\u00bb _builder_version=\u00a0\u00bb4.9.0&Prime; background_color=\u00a0\u00bbrgba(94,125,171,0.83)\u00a0\u00bb custom_margin=\u00a0\u00bb||0px|\u00a0\u00bb custom_padding=\u00a0\u00bb20px||0px|\u00a0\u00bb][\/et_pb_blurb][et_pb_text admin_label=\u00a0\u00bbCoordonn\u00e9es\u00a0\u00bb _builder_version=\u00a0\u00bb4.9.0&Prime; text_font=\u00a0\u00bbPoppins|300|||||||\u00a0\u00bb text_text_color=\u00a0\u00bb#ffffff\u00a0\u00bb text_font_size=\u00a0\u00bb18px\u00a0\u00bb text_letter_spacing=\u00a0\u00bb1px\u00a0\u00bb text_line_height=\u00a0\u00bb1.1em\u00a0\u00bb link_font=\u00a0\u00bb||||||||\u00a0\u00bb ul_font=\u00a0\u00bb||||||||\u00a0\u00bb background_color=\u00a0\u00bbrgba(94,125,171,0.83)\u00a0\u00bb text_orientation=\u00a0\u00bbcenter\u00a0\u00bb custom_padding=\u00a0\u00bb0px||20px|\u00a0\u00bb]<\/p>\n<h3><\/h3>\n<h3>Horaires d&rsquo;ouverture<\/h3>\n<p><span style=\"font-size: 16px;\">Mardi 9 h &#8211; 11 h<br \/> <\/span><\/p>\n<p><span style=\"font-size: 16px;\">Mercredi 13 h &#8211; 18 h<\/span><\/p>\n<p>Jeudi\u00a0 9 h &#8211; 11 h<\/p>\n<p>[\/et_pb_text][\/et_pb_column][\/et_pb_row][\/et_pb_section]<\/p>\n","protected":false},"excerpt":{"rendered":"<p>T\u00e9l\u00e9phone Mairie : 04 76 37 28 09Boucle de Verel-de-Montbel Th\u00e8me : d\u00e9couverte du patrimoine local 5,3 km Dur\u00e9e : 1h15 ou 2h30 Altitude : de 255m \u00e0 439m Facile Chemins ruraux D\u00e9part depuis la place de l&rsquo;\u00e9glise de Verel-de-Montbel Classeur regroupant les randonn\u00e9es de l&rsquo;Avant-Pays Savoyard + d&rsquo;infos sur le site du SMAPSCoordonn\u00e9es MairieEspace [&hellip;]<\/p>\n","protected":false},"author":1,"featured_media":0,"parent":0,"menu_order":0,"comment_status":"closed","ping_status":"open","template":"","meta":{"_et_pb_use_builder":"on","_et_pb_old_content":"","_et_gb_content_width":"","footnotes":""},"class_list":["post-1124","page","type-page","status-publish","hentry"],"publishpress_future_action":{"enabled":false,"date":"2026-05-06 23:25:58","action":"change-status","newStatus":"draft","terms":[],"taxonomy":"","extraData":[]},"publishpress_future_workflow_manual_trigger":{"enabledWorkflows":[]},"_links":{"self":[{"href":"https:\/\/www.verel-de-montbel.fr\/mairie\/wp-json\/wp\/v2\/pages\/1124","targetHints":{"allow":["GET"]}}],"collection":[{"href":"https:\/\/www.verel-de-montbel.fr\/mairie\/wp-json\/wp\/v2\/pages"}],"about":[{"href":"https:\/\/www.verel-de-montbel.fr\/mairie\/wp-json\/wp\/v2\/types\/page"}],"author":[{"embeddable":true,"href":"https:\/\/www.verel-de-montbel.fr\/mairie\/wp-json\/wp\/v2\/users\/1"}],"replies":[{"embeddable":true,"href":"https:\/\/www.verel-de-montbel.fr\/mairie\/wp-json\/wp\/v2\/comments?post=1124"}],"version-history":[{"count":1,"href":"https:\/\/www.verel-de-montbel.fr\/mairie\/wp-json\/wp\/v2\/pages\/1124\/revisions"}],"predecessor-version":[{"id":2251,"href":"https:\/\/www.verel-de-montbel.fr\/mairie\/wp-json\/wp\/v2\/pages\/1124\/revisions\/2251"}],"wp:attachment":[{"href":"https:\/\/www.verel-de-montbel.fr\/mairie\/wp-json\/wp\/v2\/media?parent=1124"}],"curies":[{"name":"wp","href":"https:\/\/api.w.org\/{rel}","templated":true}]}}