{"id":1107,"date":"2018-10-04T17:18:28","date_gmt":"2018-10-04T15:18:28","guid":{"rendered":"https:\/\/verel-de-montbel.fr\/?page_id=1107"},"modified":"2024-05-29T14:28:05","modified_gmt":"2024-05-29T12:28:05","slug":"mentions-credits-confidentialites-cookies","status":"publish","type":"page","link":"https:\/\/www.verel-de-montbel.fr\/mairie\/mentions-credits-confidentialites-cookies\/","title":{"rendered":"Mentions l\u00e9gales et Confidentialit\u00e9"},"content":{"rendered":"<p>[et_pb_section fb_built=\u00a0\u00bb1&Prime; _builder_version=\u00a0\u00bb3.22&Prime; background_position=\u00a0\u00bbtop_center\u00a0\u00bb custom_padding=\u00a0\u00bb0|0px|0|0px|false|false\u00a0\u00bb global_module=\u00a0\u00bb301&Prime; global_colors_info=\u00a0\u00bb{}\u00a0\u00bb][et_pb_row column_structure=\u00a0\u00bb1_2,1_2&Prime; disabled_on=\u00a0\u00bbon|on|off\u00a0\u00bb _builder_version=\u00a0\u00bb4.16&Prime; background_color=\u00a0\u00bbrgba(255,255,255,0)\u00a0\u00bb width=\u00a0\u00bb100%\u00a0\u00bb max_width=\u00a0\u00bb100%\u00a0\u00bb module_alignment=\u00a0\u00bbcenter\u00a0\u00bb custom_margin=\u00a0\u00bb0px|||\u00a0\u00bb custom_padding=\u00a0\u00bb0px|0px|0px|\u00a0\u00bb use_custom_width=\u00a0\u00bbon\u00a0\u00bb width_unit=\u00a0\u00bboff\u00a0\u00bb custom_width_percent=\u00a0\u00bb100%\u00a0\u00bb global_colors_info=\u00a0\u00bb{}\u00a0\u00bb][et_pb_column type=\u00a0\u00bb1_2&Prime; _builder_version=\u00a0\u00bb4.16&Prime; custom_padding=\u00a0\u00bb|||\u00a0\u00bb global_colors_info=\u00a0\u00bb{}\u00a0\u00bb custom_padding__hover=\u00a0\u00bb|||\u00a0\u00bb][et_pb_text _builder_version=\u00a0\u00bb4.16&Prime; text_font=\u00a0\u00bb|600||||on|||\u00a0\u00bb text_text_color=\u00a0\u00bb#8aa07e\u00a0\u00bb text_font_size=\u00a0\u00bb18px\u00a0\u00bb header_text_align=\u00a0\u00bbleft\u00a0\u00bb custom_margin=\u00a0\u00bb20px||10px|30px\u00a0\u00bb global_colors_info=\u00a0\u00bb{}\u00a0\u00bb]<\/p>\n<p>T\u00e9l\u00e9phone Mairie : 04 76 37 28 09<\/p>\n<p>[\/et_pb_text][\/et_pb_column][et_pb_column type=\u00a0\u00bb1_2&Prime; _builder_version=\u00a0\u00bb4.16&Prime; custom_padding=\u00a0\u00bb|||\u00a0\u00bb global_colors_info=\u00a0\u00bb{}\u00a0\u00bb custom_padding__hover=\u00a0\u00bb|||\u00a0\u00bb][et_pb_search exclude_pages=\u00a0\u00bboff\u00a0\u00bb button_color=\u00a0\u00bb#9eb791&Prime; placeholder_color=\u00a0\u00bb#ffffff\u00a0\u00bb _builder_version=\u00a0\u00bb4.16&Prime; form_field_text_color=\u00a0\u00bb#ffffff\u00a0\u00bb button_font=\u00a0\u00bbUbuntu||||||||\u00a0\u00bb button_text_color=\u00a0\u00bb#ffffff\u00a0\u00bb button_font_size=\u00a0\u00bb12px\u00a0\u00bb button_letter_spacing=\u00a0\u00bb3px\u00a0\u00bb form_field_font=\u00a0\u00bbUbuntu||||||||\u00a0\u00bb form_field_text_align=\u00a0\u00bbright\u00a0\u00bb background_color=\u00a0\u00bbrgba(158,183,145,0.98)\u00a0\u00bb text_orientation=\u00a0\u00bbcenter\u00a0\u00bb max_width=\u00a0\u00bb24%\u00a0\u00bb module_alignment=\u00a0\u00bbright\u00a0\u00bb custom_margin=\u00a0\u00bb20px||10px|\u00a0\u00bb custom_padding=\u00a0\u00bb|||\u00a0\u00bb border_radii=\u00a0\u00bbon|25px|25px|25px|25px\u00a0\u00bb border_width_all=\u00a0\u00bb0px\u00a0\u00bb input_text_color=\u00a0\u00bb#ffffff\u00a0\u00bb input_font=\u00a0\u00bbUbuntu||||||||\u00a0\u00bb input_text_align=\u00a0\u00bbright\u00a0\u00bb global_colors_info=\u00a0\u00bb{}\u00a0\u00bb button_text_size__hover_enabled=\u00a0\u00bboff\u00a0\u00bb button_text_size__hover=\u00a0\u00bbnull\u00a0\u00bb button_one_text_size__hover_enabled=\u00a0\u00bboff\u00a0\u00bb button_one_text_size__hover=\u00a0\u00bbnull\u00a0\u00bb button_two_text_size__hover_enabled=\u00a0\u00bboff\u00a0\u00bb button_two_text_size__hover=\u00a0\u00bbnull\u00a0\u00bb button_text_color__hover_enabled=\u00a0\u00bboff\u00a0\u00bb button_text_color__hover=\u00a0\u00bbnull\u00a0\u00bb button_one_text_color__hover_enabled=\u00a0\u00bboff\u00a0\u00bb button_one_text_color__hover=\u00a0\u00bbnull\u00a0\u00bb button_two_text_color__hover_enabled=\u00a0\u00bboff\u00a0\u00bb button_two_text_color__hover=\u00a0\u00bbnull\u00a0\u00bb button_border_width__hover_enabled=\u00a0\u00bboff\u00a0\u00bb button_border_width__hover=\u00a0\u00bbnull\u00a0\u00bb button_one_border_width__hover_enabled=\u00a0\u00bboff\u00a0\u00bb button_one_border_width__hover=\u00a0\u00bbnull\u00a0\u00bb button_two_border_width__hover_enabled=\u00a0\u00bboff\u00a0\u00bb button_two_border_width__hover=\u00a0\u00bbnull\u00a0\u00bb button_border_color__hover_enabled=\u00a0\u00bboff\u00a0\u00bb button_border_color__hover=\u00a0\u00bbnull\u00a0\u00bb button_one_border_color__hover_enabled=\u00a0\u00bboff\u00a0\u00bb button_one_border_color__hover=\u00a0\u00bbnull\u00a0\u00bb button_two_border_color__hover_enabled=\u00a0\u00bboff\u00a0\u00bb button_two_border_color__hover=\u00a0\u00bbnull\u00a0\u00bb button_border_radius__hover_enabled=\u00a0\u00bboff\u00a0\u00bb button_border_radius__hover=\u00a0\u00bbnull\u00a0\u00bb button_one_border_radius__hover_enabled=\u00a0\u00bboff\u00a0\u00bb button_one_border_radius__hover=\u00a0\u00bbnull\u00a0\u00bb button_two_border_radius__hover_enabled=\u00a0\u00bboff\u00a0\u00bb button_two_border_radius__hover=\u00a0\u00bbnull\u00a0\u00bb button_letter_spacing__hover_enabled=\u00a0\u00bboff\u00a0\u00bb button_letter_spacing__hover=\u00a0\u00bbnull\u00a0\u00bb button_one_letter_spacing__hover_enabled=\u00a0\u00bboff\u00a0\u00bb button_one_letter_spacing__hover=\u00a0\u00bbnull\u00a0\u00bb button_two_letter_spacing__hover_enabled=\u00a0\u00bboff\u00a0\u00bb button_two_letter_spacing__hover=\u00a0\u00bbnull\u00a0\u00bb button_bg_color__hover_enabled=\u00a0\u00bboff\u00a0\u00bb button_bg_color__hover=\u00a0\u00bbnull\u00a0\u00bb button_one_bg_color__hover_enabled=\u00a0\u00bboff\u00a0\u00bb button_one_bg_color__hover=\u00a0\u00bbnull\u00a0\u00bb button_two_bg_color__hover_enabled=\u00a0\u00bboff\u00a0\u00bb button_two_bg_color__hover=\u00a0\u00bbnull\u00a0\u00bb][\/et_pb_search][\/et_pb_column][\/et_pb_row][\/et_pb_section][et_pb_section fb_built=\u00a0\u00bb1&Prime; fullwidth=\u00a0\u00bbon\u00a0\u00bb admin_label=\u00a0\u00bbImage en-t\u00eate pages\u00a0\u00bb _builder_version=\u00a0\u00bb3.2.2&Prime; global_module=\u00a0\u00bb317&Prime; global_colors_info=\u00a0\u00bb{}\u00a0\u00bb][et_pb_fullwidth_image src=\u00a0\u00bbhttps:\/\/www.verel-de-montbel.fr\/mairie\/wp-content\/uploads\/2018\/06\/en-tete-pages.jpg\u00a0\u00bb alt=\u00a0\u00bbEn-t\u00eate : Verel-de-Montbel, le village, l&rsquo;\u00e9glise, la mairie\u00a0\u00bb title_text=\u00a0\u00bbVerel-de-Montbel\u00a0\u00bb url=\u00a0\u00bbhttp:\/\/www.verel-de-montbel.fr\u00a0\u00bb disabled_on=\u00a0\u00bbon|on|off\u00a0\u00bb _builder_version=\u00a0\u00bb4.16&Prime; global_colors_info=\u00a0\u00bb{}\u00a0\u00bb][\/et_pb_fullwidth_image][et_pb_fullwidth_image src=\u00a0\u00bbhttps:\/\/www.verel-de-montbel.fr\/mairie\/wp-content\/uploads\/2021\/02\/logo-verel-mobiles.jpg\u00a0\u00bb alt=\u00a0\u00bbBienvenue \u00e0 Verel-de-Montbel en Savoie\u00a0\u00bb title_text=\u00a0\u00bbBienvenue \u00e0 Verel-de-Montbel en Savoie\u00a0\u00bb disabled_on=\u00a0\u00bboff|off|on\u00a0\u00bb _builder_version=\u00a0\u00bb4.16&Prime; _module_preset=\u00a0\u00bbdefault\u00a0\u00bb global_colors_info=\u00a0\u00bb{}\u00a0\u00bb][\/et_pb_fullwidth_image][et_pb_fullwidth_image src=\u00a0\u00bbhttps:\/\/www.verel-de-montbel.fr\/mairie\/wp-content\/uploads\/2021\/02\/entetemobiles.jpg\u00a0\u00bb alt=\u00a0\u00bbVerel-de-Montbel\u00a0\u00bb title_text=\u00a0\u00bbVerel-de-Montbel\u00a0\u00bb disabled_on=\u00a0\u00bboff|off|on\u00a0\u00bb _builder_version=\u00a0\u00bb4.16&Prime; _module_preset=\u00a0\u00bbdefault\u00a0\u00bb global_colors_info=\u00a0\u00bb{}\u00a0\u00bb][\/et_pb_fullwidth_image][\/et_pb_section][et_pb_section fb_built=\u00a0\u00bb1&Prime; fullwidth=\u00a0\u00bbon\u00a0\u00bb module_id=\u00a0\u00bbmenuhaut\u00a0\u00bb _builder_version=\u00a0\u00bb4.9.0&Prime; background_image=\u00a0\u00bbhttps:\/\/www.verel-de-montbel.fr\/mairie\/wp-content\/uploads\/2018\/06\/Fond-menu-Bois1.jpg\u00a0\u00bb background_size=\u00a0\u00bbinitial\u00a0\u00bb background_repeat=\u00a0\u00bbrepeat\u00a0\u00bb global_module=\u00a0\u00bb304&Prime; global_colors_info=\u00a0\u00bb{}\u00a0\u00bb][et_pb_fullwidth_menu menu_id=\u00a0\u00bb10&Prime; submenu_direction=\u00a0\u00bbdownwards\u00a0\u00bb fullwidth_menu=\u00a0\u00bbon\u00a0\u00bb active_link_color=\u00a0\u00bb#ffffff\u00a0\u00bb dropdown_menu_bg_color=\u00a0\u00bb#21100c\u00a0\u00bb dropdown_menu_line_color=\u00a0\u00bb#9eb791&Prime; dropdown_menu_text_color=\u00a0\u00bb#ffffff\u00a0\u00bb mobile_menu_text_color=\u00a0\u00bb#ffffff\u00a0\u00bb disabled_on=\u00a0\u00bbon|on|\u00a0\u00bb admin_label=\u00a0\u00bbMenu du site\u00a0\u00bb _builder_version=\u00a0\u00bb4.16&Prime; menu_font=\u00a0\u00bbPoppins||||||||\u00a0\u00bb menu_text_color=\u00a0\u00bb#ffffff\u00a0\u00bb menu_font_size=\u00a0\u00bb17px\u00a0\u00bb menu_letter_spacing=\u00a0\u00bb1px\u00a0\u00bb menu_line_height=\u00a0\u00bb1.2em\u00a0\u00bb background_color=\u00a0\u00bbrgba(255,255,255,0)\u00a0\u00bb background_image=\u00a0\u00bbhttps:\/\/www.verel-de-montbel.fr\/mairie\/wp-content\/uploads\/2018\/06\/Fond-menu-Bois1.jpg\u00a0\u00bb text_orientation=\u00a0\u00bbcenter\u00a0\u00bb custom_margin=\u00a0\u00bb0px|||\u00a0\u00bb custom_padding=\u00a0\u00bb0px|||\u00a0\u00bb global_colors_info=\u00a0\u00bb{}\u00a0\u00bb][\/et_pb_fullwidth_menu][\/et_pb_section][et_pb_section fb_built=\u00a0\u00bb1&Prime; fullwidth=\u00a0\u00bbon\u00a0\u00bb _builder_version=\u00a0\u00bb4.16&Prime; custom_padding=\u00a0\u00bb0px|0px|0||false|false\u00a0\u00bb global_colors_info=\u00a0\u00bb{}\u00a0\u00bb][et_pb_fullwidth_post_title meta=\u00a0\u00bboff\u00a0\u00bb featured_image=\u00a0\u00bboff\u00a0\u00bb admin_label=\u00a0\u00bbTitre de page\u00a0\u00bb _builder_version=\u00a0\u00bb4.16&Prime; title_font=\u00a0\u00bb|300|||||||\u00a0\u00bb title_text_align=\u00a0\u00bbright\u00a0\u00bb title_text_color=\u00a0\u00bb#ffffff\u00a0\u00bb title_font_size=\u00a0\u00bb17px\u00a0\u00bb title_letter_spacing=\u00a0\u00bb4px\u00a0\u00bb background_color=\u00a0\u00bb#190a07&Prime; text_orientation=\u00a0\u00bbright\u00a0\u00bb custom_padding=\u00a0\u00bb15px||10px|\u00a0\u00bb global_colors_info=\u00a0\u00bb{}\u00a0\u00bb][\/et_pb_fullwidth_post_title][\/et_pb_section][et_pb_section fb_built=\u00a0\u00bb1&Prime; _builder_version=\u00a0\u00bb4.16&Prime; custom_padding=\u00a0\u00bb4px|0px|19px|0px|false|false\u00a0\u00bb global_colors_info=\u00a0\u00bb{}\u00a0\u00bb][et_pb_row use_custom_gutter=\u00a0\u00bbon\u00a0\u00bb module_class=\u00a0\u00bb et_pb_row_fullwidth\u00a0\u00bb _builder_version=\u00a0\u00bb4.16&Prime; width=\u00a0\u00bb89%\u00a0\u00bb width_tablet=\u00a0\u00bb80%\u00a0\u00bb width_phone=\u00a0\u00bb\u00a0\u00bb width_last_edited=\u00a0\u00bbon|desktop\u00a0\u00bb max_width=\u00a0\u00bb89%\u00a0\u00bb max_width_tablet=\u00a0\u00bb80%\u00a0\u00bb max_width_phone=\u00a0\u00bb\u00a0\u00bb max_width_last_edited=\u00a0\u00bbon|desktop\u00a0\u00bb module_alignment=\u00a0\u00bbcenter\u00a0\u00bb custom_padding=\u00a0\u00bb27px|0px|0|0px|false|false\u00a0\u00bb make_fullwidth=\u00a0\u00bbon\u00a0\u00bb global_colors_info=\u00a0\u00bb{}\u00a0\u00bb][et_pb_column type=\u00a0\u00bb4_4&Prime; _builder_version=\u00a0\u00bb4.16&Prime; custom_padding=\u00a0\u00bb|||\u00a0\u00bb global_colors_info=\u00a0\u00bb{}\u00a0\u00bb custom_padding__hover=\u00a0\u00bb|||\u00a0\u00bb][et_pb_text admin_label=\u00a0\u00bbTexte Bienvenue \u00e0 Verel\u00a0\u00bb _builder_version=\u00a0\u00bb4.16&Prime; custom_margin=\u00a0\u00bb0px|||\u00a0\u00bb custom_padding=\u00a0\u00bb||2px|\u00a0\u00bb global_colors_info=\u00a0\u00bb{}\u00a0\u00bb]<\/p>\n<h3><span style=\"color: #5e7dab;\">Mentions l\u00e9gales et cr\u00e9dits<\/span><\/h3>\n<p>[\/et_pb_text][et_pb_text admin_label=\u00a0\u00bbTexte suite\u00a0\u00bb _builder_version=\u00a0\u00bb4.25.0&Prime; text_line_height=\u00a0\u00bb1.9em\u00a0\u00bb text_orientation=\u00a0\u00bbjustified\u00a0\u00bb custom_margin=\u00a0\u00bb||0px|\u00a0\u00bb custom_padding=\u00a0\u00bb||0px|\u00a0\u00bb hover_enabled=\u00a0\u00bb0&Prime; global_colors_info=\u00a0\u00bb{}\u00a0\u00bb sticky_enabled=\u00a0\u00bb0&Prime;]<\/p>\n<div>\n<p><span style=\"font-size: small;\"><em>Ce site est la propri\u00e9t\u00e9 de la Commune de Verel de Montbel<\/em><\/span><\/p>\n<p>&nbsp;<\/p>\n<\/div>\n<div>\n<div>\n<ul>\n<li><strong>Propri\u00e9taire<\/strong><\/li>\n<\/ul>\n<p>Mairie<br \/>Espace Chef-Lieu<br \/>73330 Verel-de-Montbel<\/p>\n<p>T\u00e9l\u00e9phone :\u00a004 76 37 28 09<br \/>Mail : <a href=\"mailto:mairie.verel.de.montbel@orange.fr\">mairie.verel.de.montbel@orange.fr<\/a><\/p>\n<p>Direction de publication : Christian Cevoz-Mami, Maire<\/p>\n<ul>\n<li><strong>Conception du site<\/strong><\/li>\n<\/ul>\n<p>06.22.29.78.63 \/<a href=\"mailto:infos@mlcat.com\" target=\"_blank\" rel=\"noopener noreferrer\">infos@mlcat.com<br \/><\/a>\u00a0<a href=\"https:\/\/www.mlcat.com\/\" target=\"_blank\" rel=\"noopener noreferrer\">www.mlcat.com<\/a><\/p>\n<h3><\/h3>\n<ul>\n<li><strong>H\u00e9bergement<\/strong><\/li>\n<\/ul>\n<p>OVH<br \/>2 rue Kellermann\u00a059100 Roubaix<br \/>SAS au capital de 10 069 020 \u20ac<br \/>RCS Lille M\u00e9tropole 424 761 419 00045<br \/>Code APE 2620Z<br \/>N\u00b0 TVA : FR 22 424 761 419<br \/><a href=\"https:\/\/www.ovh.com\/\" target=\"_blank\" rel=\"noopener noreferrer\">www.ovh.com<\/a><\/p>\n<p>&nbsp;<\/p>\n<\/div>\n<\/div>\n<p>[\/et_pb_text][\/et_pb_column][\/et_pb_row][et_pb_row use_custom_gutter=\u00a0\u00bbon\u00a0\u00bb module_class=\u00a0\u00bb et_pb_row_fullwidth\u00a0\u00bb _builder_version=\u00a0\u00bb4.16&Prime; width=\u00a0\u00bb89%\u00a0\u00bb width_tablet=\u00a0\u00bb80%\u00a0\u00bb width_phone=\u00a0\u00bb\u00a0\u00bb width_last_edited=\u00a0\u00bbon|desktop\u00a0\u00bb max_width=\u00a0\u00bb89%\u00a0\u00bb max_width_tablet=\u00a0\u00bb80%\u00a0\u00bb max_width_phone=\u00a0\u00bb\u00a0\u00bb max_width_last_edited=\u00a0\u00bbon|desktop\u00a0\u00bb module_alignment=\u00a0\u00bbcenter\u00a0\u00bb custom_padding=\u00a0\u00bb27px|0px|0|0px|false|false\u00a0\u00bb border_width_top=\u00a0\u00bb1px\u00a0\u00bb border_color_top=\u00a0\u00bb#9eb791&Prime; make_fullwidth=\u00a0\u00bbon\u00a0\u00bb global_colors_info=\u00a0\u00bb{}\u00a0\u00bb][et_pb_column type=\u00a0\u00bb4_4&Prime; _builder_version=\u00a0\u00bb4.16&Prime; custom_padding=\u00a0\u00bb|||\u00a0\u00bb global_colors_info=\u00a0\u00bb{}\u00a0\u00bb custom_padding__hover=\u00a0\u00bb|||\u00a0\u00bb][et_pb_text admin_label=\u00a0\u00bbTexte Bienvenue \u00e0 Verel\u00a0\u00bb _builder_version=\u00a0\u00bb4.16&Prime; custom_margin=\u00a0\u00bb0px|||\u00a0\u00bb custom_padding=\u00a0\u00bb||2px|\u00a0\u00bb global_colors_info=\u00a0\u00bb{}\u00a0\u00bb]<\/p>\n<h3><span style=\"color: #5e7dab;\">Politique de confidentialit\u00e9<\/span><\/h3>\n<p>[\/et_pb_text][et_pb_text admin_label=\u00a0\u00bbTexte suite\u00a0\u00bb _builder_version=\u00a0\u00bb4.16&Prime; text_line_height=\u00a0\u00bb1.9em\u00a0\u00bb text_orientation=\u00a0\u00bbjustified\u00a0\u00bb custom_margin=\u00a0\u00bb||0px|\u00a0\u00bb custom_padding=\u00a0\u00bb||0px|\u00a0\u00bb global_colors_info=\u00a0\u00bb{}\u00a0\u00bb]<\/p>\n<div class=\"et_pb_module et_pb_text et_pb_text_3 et_pb_bg_layout_light  et_pb_text_align_justified\">\n<div class=\"et_pb_text_inner\">\n<div>\n<div>\n<div>\n<div>\n<p><em>Nous nous engageons \u00e0 respecter la confidentialit\u00e9 des renseignements personnels que vous fournirez.<\/em><\/p>\n<ul>\n<li><strong>Collecte des renseignements personnels<\/strong><\/li>\n<\/ul>\n<p>Uniquement via notre formulaire de contact, nous collectons les renseignements suivants :<\/p>\n<p>&#8211; Nom \/Pr\u00e9nom<br \/>&#8211; T\u00e9l\u00e9phone<br \/>&#8211; Mail<\/p>\n<p>Ces renseignements personnels sont recueillis gr\u00e2ce \u00e0 l\u2019interactivit\u00e9 \u00e9tablie entre vous et le site Internet.<\/p>\n<ul>\n<li><strong>Formulaires et interactivit\u00e9<\/strong><\/li>\n<\/ul>\n<p>Vos renseignements personnels sont collect\u00e9s par le biais d\u2019un formulaire de contact dans la page Contacts.\u00a0Ces renseignements ne sont utilis\u00e9s que pour les finalit\u00e9s suivantes :<br \/><span>\u2013 pouvoir vous recontacter afin de r\u00e9pondre \u00e0 votre demande.<\/span><\/p>\n<ul>\n<li><strong>Droit d\u2019opposition et de retrait<\/strong><\/li>\n<\/ul>\n<p>Nous nous engageons \u00e0 vous offrir un droit d\u2019opposition (refuser que vos renseignements personnels soient utilis\u00e9s \u00e0 d\u2019autres fins) et de retrait (demander \u00e0 ce que\u00a0vos renseignements personnels ne figurent plus dans nos contacts) .<\/p>\n<p>Pour pouvoir exercer ces droits, vous pouvez nous \u00e9crire \u00e0 l\u2019adresse suivante :<br \/>Mairie<br \/>Espace Chef-Lieu<br \/>73330 Verel-de-Montbel<br \/>ou nous par mail \u00e0 mairie.verel.de.montbel@orange.fr<\/p>\n<ul>\n<li><strong>Droit d\u2019acc\u00e8s\u00a0<\/strong><\/li>\n<\/ul>\n<p>Nous nous engageons \u00e0 reconna\u00eetre un droit d\u2019acc\u00e8s et de rectification aux personnes concern\u00e9es d\u00e9sireuses de modifier ou radier les informations les concernant.<br \/>L\u2019exercice de ce droit se fera \u00e0 l\u2019adresse suivante :<br \/>Mairie<br \/>Espace Chef-Lieu<br \/>73330 Verel-de-Montbel<br \/>ou nous par mail \u00e0 mairie.verel.de.montbel@orange.fr<br \/><span><\/span><\/p>\n<ul>\n<li><strong>S\u00e9curit\u00e9<\/strong>\u00a0<\/li>\n<\/ul>\n<p>Les renseignements personnels que vous fournissez sont conserv\u00e9s dans un environnement s\u00e9curis\u00e9. Nous respectons la confidentialit\u00e9 de vos informations.<br \/>Pour assurer la s\u00e9curit\u00e9 de vos renseignements personnels, plusieurs mesures :<\/p>\n<p>&#8211; Protocole SSL (Secure Sockets Layer)<br \/><span style=\"font-size: 16px;\">&#8211; Gestion des formulaires de contact et de l\u2019acc\u00e8s au site uniquement par les personnes autoris\u00e9es par identifiant et mot de passe.<\/span><\/p>\n<p>Nous nous engageons \u00e0 maintenir un haut degr\u00e9 de confidentialit\u00e9 en int\u00e9grant les derni\u00e8res innovations technologiques permettant d\u2019assurer la confidentialit\u00e9 de vos renseignements. Toutefois, comme aucun m\u00e9canisme n\u2019offre une s\u00e9curit\u00e9 maximale, une part de risque est toujours pr\u00e9sente lorsque l\u2019on utilise Internet pour transmettre des renseignements personnels.<\/p>\n<p>&nbsp;<\/p>\n<ul>\n<li><strong>L\u00e9gislation\u00a0<\/strong><\/li>\n<\/ul>\n<div>\n<p>R\u00e8glement (UE) 2016\/679 du Parlement europ\u00e9en et du Conseil du 27 avril 2016 \u2013 R\u00e8glement\u00a0relatif \u00e0 la protection des personnes physiques \u00e0 l\u2019\u00e9gard du traitement des donn\u00e9es \u00e0 caract\u00e8re personnel et \u00e0 la libre circulation de ces donn\u00e9es, et abrogeant la directive 95\/46\/CE (r\u00e8glement g\u00e9n\u00e9ral sur la protection des donn\u00e9es \u2013 RGPD).<\/p>\n<\/div>\n<\/div>\n<\/div>\n<\/div>\n<\/div>\n<\/div>\n<\/div>\n<div id=\"cookies\" class=\"et_pb_module et_pb_text et_pb_text_4 et_pb_bg_layout_light  et_pb_text_align_justified\">\n<div class=\"et_pb_text_inner\">\n<div id=\"cookies\">\n<div>\n<div>\n<div>\n<p>&nbsp;<\/p>\n<\/div>\n<\/div>\n<\/div>\n<\/div>\n<\/div>\n<\/div>\n<p>[\/et_pb_text][\/et_pb_column][\/et_pb_row][et_pb_row use_custom_gutter=\u00a0\u00bbon\u00a0\u00bb module_id=\u00a0\u00bbcookies\u00a0\u00bb module_class=\u00a0\u00bb et_pb_row_fullwidth\u00a0\u00bb _builder_version=\u00a0\u00bb4.16&Prime; width=\u00a0\u00bb89%\u00a0\u00bb width_tablet=\u00a0\u00bb80%\u00a0\u00bb width_phone=\u00a0\u00bb\u00a0\u00bb width_last_edited=\u00a0\u00bbon|desktop\u00a0\u00bb max_width=\u00a0\u00bb89%\u00a0\u00bb max_width_tablet=\u00a0\u00bb80%\u00a0\u00bb max_width_phone=\u00a0\u00bb\u00a0\u00bb max_width_last_edited=\u00a0\u00bbon|desktop\u00a0\u00bb module_alignment=\u00a0\u00bbcenter\u00a0\u00bb custom_padding=\u00a0\u00bb27px|0px|0|0px|false|false\u00a0\u00bb border_width_top=\u00a0\u00bb1px\u00a0\u00bb border_color_top=\u00a0\u00bb#9eb791&Prime; make_fullwidth=\u00a0\u00bbon\u00a0\u00bb global_colors_info=\u00a0\u00bb{}\u00a0\u00bb][et_pb_column type=\u00a0\u00bb4_4&Prime; _builder_version=\u00a0\u00bb4.16&Prime; custom_padding=\u00a0\u00bb|||\u00a0\u00bb global_colors_info=\u00a0\u00bb{}\u00a0\u00bb custom_padding__hover=\u00a0\u00bb|||\u00a0\u00bb][et_pb_text admin_label=\u00a0\u00bbTexte Bienvenue \u00e0 Verel\u00a0\u00bb _builder_version=\u00a0\u00bb4.16&Prime; custom_margin=\u00a0\u00bb0px|||\u00a0\u00bb custom_padding=\u00a0\u00bb||2px|\u00a0\u00bb global_colors_info=\u00a0\u00bb{}\u00a0\u00bb]<\/p>\n<h3><span style=\"color: #5e7dab;\">Cookies<\/span><\/h3>\n<p>[\/et_pb_text][et_pb_text admin_label=\u00a0\u00bbTexte suite\u00a0\u00bb _builder_version=\u00a0\u00bb4.16&Prime; text_line_height=\u00a0\u00bb1.9em\u00a0\u00bb text_orientation=\u00a0\u00bbjustified\u00a0\u00bb custom_margin=\u00a0\u00bb||0px|\u00a0\u00bb custom_padding=\u00a0\u00bb||0px|\u00a0\u00bb global_colors_info=\u00a0\u00bb{}\u00a0\u00bb]<\/p>\n<div class=\"et_pb_module et_pb_text et_pb_text_3 et_pb_bg_layout_light  et_pb_text_align_justified\">\n<div class=\"et_pb_text_inner\">\n<h3><\/h3>\n<p>Notre site, comme la plupart des sites, utilise\u00a0des cookies destin\u00e9s \u00e0 am\u00e9liorer votre exp\u00e9rience utilisateur lors d\u2019une prochaine connexion. Ceux-ci ne sont conserv\u00e9s que 30 jours.<\/p>\n<p>Vous pouvez refuser leur utilisation. Si vous souhaitez d\u00e9sactiver les cookies sur les sites que vous visitez, personnalisez les param\u00e8tres de votre navigateur internet.<\/p>\n<p>Les cookies utilis\u00e9s sur notre site ne sont destin\u00e9s qu\u2019au suivi statistique des visites (Google Analytics).<\/p>\n<p>Pour plus d\u2019information et savoir comment les g\u00e9rer, vous pouvez consulter le site de la\u00a0<a href=\"https:\/\/www.cnil.fr\/fr\/cookies-les-outils-pour-les-maitriser\" target=\"_blank\" rel=\"noopener noreferrer\">CNIL<\/a>.<\/p>\n<\/div>\n<\/div>\n<p>[\/et_pb_text][\/et_pb_column][\/et_pb_row][\/et_pb_section][et_pb_section fb_built=\u00a0\u00bb1&Prime; _builder_version=\u00a0\u00bb4.9.0&Prime; background_image=\u00a0\u00bbhttps:\/\/www.verel-de-montbel.fr\/mairie\/wp-content\/uploads\/2018\/06\/bas-de-page-fond.jpg\u00a0\u00bb background_position=\u00a0\u00bbtop_center\u00a0\u00bb custom_padding=\u00a0\u00bb0|0px|0|0px|false|false\u00a0\u00bb global_module=\u00a0\u00bb305&Prime; global_colors_info=\u00a0\u00bb{}\u00a0\u00bb][et_pb_row column_structure=\u00a0\u00bb1_3,1_3,1_3&Prime; _builder_version=\u00a0\u00bb4.16&Prime; custom_padding=\u00a0\u00bb104px|0px|80px|0px|false|false\u00a0\u00bb global_colors_info=\u00a0\u00bb{}\u00a0\u00bb][et_pb_column type=\u00a0\u00bb1_3&Prime; _builder_version=\u00a0\u00bb4.16&Prime; custom_padding=\u00a0\u00bb|||\u00a0\u00bb global_colors_info=\u00a0\u00bb{}\u00a0\u00bb custom_padding__hover=\u00a0\u00bb|||\u00a0\u00bb][et_pb_blurb use_icon=\u00a0\u00bbon\u00a0\u00bb font_icon=\u00a0\u00bb&#xe01d;||divi||400&Prime; icon_color=\u00a0\u00bb#ffffff\u00a0\u00bb image_icon_width=\u00a0\u00bb68px\u00a0\u00bb _builder_version=\u00a0\u00bb4.16&Prime; background_color=\u00a0\u00bbrgba(94,125,171,0.83)\u00a0\u00bb custom_margin=\u00a0\u00bb||0px|\u00a0\u00bb custom_padding=\u00a0\u00bb20px||0px|\u00a0\u00bb icon_font_size=\u00a0\u00bb68px\u00a0\u00bb global_colors_info=\u00a0\u00bb{}\u00a0\u00bb][\/et_pb_blurb][et_pb_text admin_label=\u00a0\u00bbCoordonn\u00e9es\u00a0\u00bb _builder_version=\u00a0\u00bb4.16&Prime; text_font=\u00a0\u00bbPoppins|300|||||||\u00a0\u00bb text_text_color=\u00a0\u00bb#ffffff\u00a0\u00bb text_font_size=\u00a0\u00bb18px\u00a0\u00bb text_letter_spacing=\u00a0\u00bb2px\u00a0\u00bb text_line_height=\u00a0\u00bb1.1em\u00a0\u00bb background_color=\u00a0\u00bbrgba(94,125,171,0.83)\u00a0\u00bb text_orientation=\u00a0\u00bbcenter\u00a0\u00bb custom_padding=\u00a0\u00bb0px||20px|\u00a0\u00bb global_colors_info=\u00a0\u00bb{}\u00a0\u00bb]<\/p>\n<h3><span style=\"text-decoration: underline;\"><span style=\"color: #333333; text-decoration: underline;\">Coordonn\u00e9es<\/span><\/span><\/h3>\n<p>Mairie<br \/>Espace Chef-Lieu<br \/>73330 Verel-de-Montbel<\/p>\n<p>&nbsp;<\/p>\n<p>&nbsp;<\/p>\n<p>[\/et_pb_text][\/et_pb_column][et_pb_column type=\u00a0\u00bb1_3&Prime; _builder_version=\u00a0\u00bb4.16&Prime; custom_padding=\u00a0\u00bb|||\u00a0\u00bb global_colors_info=\u00a0\u00bb{}\u00a0\u00bb custom_padding__hover=\u00a0\u00bb|||\u00a0\u00bb][et_pb_blurb use_icon=\u00a0\u00bbon\u00a0\u00bb font_icon=\u00a0\u00bb&#xe066;||divi||400&Prime; icon_color=\u00a0\u00bb#ffffff\u00a0\u00bb image_icon_width=\u00a0\u00bb68px\u00a0\u00bb _builder_version=\u00a0\u00bb4.16&Prime; background_color=\u00a0\u00bbrgba(96,93,92,0.65)\u00a0\u00bb custom_margin=\u00a0\u00bb||0px|\u00a0\u00bb custom_padding=\u00a0\u00bb20px||0px|\u00a0\u00bb icon_font_size=\u00a0\u00bb68px\u00a0\u00bb global_colors_info=\u00a0\u00bb{}\u00a0\u00bb][\/et_pb_blurb][et_pb_text admin_label=\u00a0\u00bbCoordonn\u00e9es\u00a0\u00bb _builder_version=\u00a0\u00bb4.25.0&Prime; text_font=\u00a0\u00bbPoppins|300|||||||\u00a0\u00bb text_text_color=\u00a0\u00bb#ffffff\u00a0\u00bb text_font_size=\u00a0\u00bb18px\u00a0\u00bb text_line_height=\u00a0\u00bb1.1em\u00a0\u00bb link_text_color=\u00a0\u00bb#FFFFFF\u00a0\u00bb background_color=\u00a0\u00bbrgba(96,93,92,0.65)\u00a0\u00bb text_orientation=\u00a0\u00bbcenter\u00a0\u00bb custom_padding=\u00a0\u00bb0px||20px|\u00a0\u00bb global_colors_info=\u00a0\u00bb{}\u00a0\u00bb]<\/p>\n<h3><span style=\"text-decoration: underline;\"><span style=\"color: #333333; text-decoration: underline;\">T\u00e9l\u00e9phone \/ Mail<\/span><\/span><\/h3>\n<p><span style=\"font-size: x-large;\">04 76 37 28 09<\/span><\/p>\n<p><a href=\"mailto:mairie.verel.de.montbel@orange.fr\">mairie.verel.de.montbel@orange.fr<\/a><\/p>\n<p>&nbsp;<\/p>\n<p>&nbsp;<\/p>\n<p>[\/et_pb_text][\/et_pb_column][et_pb_column type=\u00a0\u00bb1_3&Prime; _builder_version=\u00a0\u00bb4.16&Prime; custom_padding=\u00a0\u00bb|||\u00a0\u00bb global_colors_info=\u00a0\u00bb{}\u00a0\u00bb custom_padding__hover=\u00a0\u00bb|||\u00a0\u00bb][et_pb_blurb use_icon=\u00a0\u00bbon\u00a0\u00bb font_icon=\u00a0\u00bb&#xe06b;||divi||400&Prime; icon_color=\u00a0\u00bb#ffffff\u00a0\u00bb image_icon_width=\u00a0\u00bb68px\u00a0\u00bb _builder_version=\u00a0\u00bb4.16&Prime; background_color=\u00a0\u00bbrgba(94,125,171,0.83)\u00a0\u00bb custom_margin=\u00a0\u00bb||0px|\u00a0\u00bb custom_padding=\u00a0\u00bb20px||0px|\u00a0\u00bb icon_font_size=\u00a0\u00bb68px\u00a0\u00bb global_colors_info=\u00a0\u00bb{}\u00a0\u00bb][\/et_pb_blurb][et_pb_text admin_label=\u00a0\u00bbCoordonn\u00e9es\u00a0\u00bb _builder_version=\u00a0\u00bb4.16&Prime; text_font=\u00a0\u00bbPoppins|300|||||||\u00a0\u00bb text_text_color=\u00a0\u00bb#ffffff\u00a0\u00bb text_font_size=\u00a0\u00bb18px\u00a0\u00bb text_letter_spacing=\u00a0\u00bb1px\u00a0\u00bb text_line_height=\u00a0\u00bb1.1em\u00a0\u00bb link_font=\u00a0\u00bb||||||||\u00a0\u00bb ul_font=\u00a0\u00bb||||||||\u00a0\u00bb background_color=\u00a0\u00bbrgba(94,125,171,0.83)\u00a0\u00bb text_orientation=\u00a0\u00bbcenter\u00a0\u00bb custom_padding=\u00a0\u00bb0px||20px|\u00a0\u00bb global_colors_info=\u00a0\u00bb{}\u00a0\u00bb]<\/p>\n<h3><\/h3>\n<h3>Horaires d&rsquo;ouverture<\/h3>\n<p><span style=\"font-size: 16px;\">Mardi 9 h &#8211; 11 h<br \/> <\/span><\/p>\n<p><span style=\"font-size: 16px;\">Mercredi 13 h &#8211; 18 h<\/span><\/p>\n<p>Jeudi\u00a0 9 h &#8211; 11 h<\/p>\n<p>[\/et_pb_text][\/et_pb_column][\/et_pb_row][\/et_pb_section]<\/p>\n","protected":false},"excerpt":{"rendered":"<p>T\u00e9l\u00e9phone Mairie : 04 76 37 28 09Mentions l\u00e9gales et cr\u00e9dits Ce site est la propri\u00e9t\u00e9 de la Commune de Verel de Montbel &nbsp; Propri\u00e9taire MairieEspace Chef-Lieu73330 Verel-de-Montbel T\u00e9l\u00e9phone :\u00a004 76 37 28 09Mail : mairie.verel.de.montbel@orange.fr Direction de publication : Christian Cevoz-Mami, Maire Conception du site 06.22.29.78.63 \/infos@mlcat.com\u00a0www.mlcat.com H\u00e9bergement OVH2 rue Kellermann\u00a059100 RoubaixSAS au capital [&hellip;]<\/p>\n","protected":false},"author":1,"featured_media":0,"parent":0,"menu_order":0,"comment_status":"closed","ping_status":"open","template":"","meta":{"_et_pb_use_builder":"on","_et_pb_old_content":"","_et_gb_content_width":"","footnotes":""},"class_list":["post-1107","page","type-page","status-publish","hentry"],"publishpress_future_action":{"enabled":false,"date":"2026-05-06 23:33:07","action":"change-status","newStatus":"draft","terms":[],"taxonomy":"","extraData":[]},"publishpress_future_workflow_manual_trigger":{"enabledWorkflows":[]},"_links":{"self":[{"href":"https:\/\/www.verel-de-montbel.fr\/mairie\/wp-json\/wp\/v2\/pages\/1107","targetHints":{"allow":["GET"]}}],"collection":[{"href":"https:\/\/www.verel-de-montbel.fr\/mairie\/wp-json\/wp\/v2\/pages"}],"about":[{"href":"https:\/\/www.verel-de-montbel.fr\/mairie\/wp-json\/wp\/v2\/types\/page"}],"author":[{"embeddable":true,"href":"https:\/\/www.verel-de-montbel.fr\/mairie\/wp-json\/wp\/v2\/users\/1"}],"replies":[{"embeddable":true,"href":"https:\/\/www.verel-de-montbel.fr\/mairie\/wp-json\/wp\/v2\/comments?post=1107"}],"version-history":[{"count":2,"href":"https:\/\/www.verel-de-montbel.fr\/mairie\/wp-json\/wp\/v2\/pages\/1107\/revisions"}],"predecessor-version":[{"id":2817,"href":"https:\/\/www.verel-de-montbel.fr\/mairie\/wp-json\/wp\/v2\/pages\/1107\/revisions\/2817"}],"wp:attachment":[{"href":"https:\/\/www.verel-de-montbel.fr\/mairie\/wp-json\/wp\/v2\/media?parent=1107"}],"curies":[{"name":"wp","href":"https:\/\/api.w.org\/{rel}","templated":true}]}}